{"id":159,"date":"2021-07-27T14:38:32","date_gmt":"2021-07-27T14:38:32","guid":{"rendered":"https:\/\/blancarubal.com\/?page_id=159"},"modified":"2021-09-21T04:45:45","modified_gmt":"2021-09-21T04:45:45","slug":"imagenes","status":"publish","type":"page","link":"https:\/\/blancarubal.com\/en\/imagenes\/","title":{"rendered":"Images"},"content":{"rendered":"<div data-elementor-type=\"wp-page\" data-elementor-id=\"159\" class=\"elementor elementor-159\">\n\t\t\t\t\t\t<section class=\"elementor-section elementor-top-section elementor-element elementor-element-269debb2 elementor-section-items-top elementor-section-full_width elementor-section-height-min-height elementor-section-height-default\" data-id=\"269debb2\" data-element_type=\"section\" data-settings=\"{&quot;background_background&quot;:&quot;classic&quot;}\">\n\t\t\t\t\t\t<div class=\"elementor-container elementor-column-gap-default\">\n\t\t\t\t\t<div class=\"elementor-column elementor-col-100 elementor-top-column elementor-element elementor-element-935160f\" data-id=\"935160f\" data-element_type=\"column\">\n\t\t\t<div class=\"elementor-widget-wrap\">\n\t\t\t\t\t\t\t<\/div>\n\t\t<\/div>\n\t\t\t\t\t<\/div>\n\t\t<\/section>\n\t\t\t\t<section class=\"elementor-section elementor-top-section elementor-element elementor-element-356e6c63 elementor-section-boxed elementor-section-height-default elementor-section-height-default\" data-id=\"356e6c63\" data-element_type=\"section\">\n\t\t\t\t\t\t<div class=\"elementor-container elementor-column-gap-default\">\n\t\t\t\t\t<div class=\"elementor-column elementor-col-100 elementor-top-column elementor-element elementor-element-23fae979\" data-id=\"23fae979\" data-element_type=\"column\" data-settings=\"{&quot;background_background&quot;:&quot;classic&quot;}\">\n\t\t\t<div class=\"elementor-widget-wrap elementor-element-populated\">\n\t\t\t\t\t\t<section class=\"elementor-section elementor-inner-section elementor-element elementor-element-36ed9979 elementor-section-boxed elementor-section-height-default elementor-section-height-default\" data-id=\"36ed9979\" data-element_type=\"section\">\n\t\t\t\t\t\t<div class=\"elementor-container elementor-column-gap-default\">\n\t\t\t\t\t<div class=\"elementor-column elementor-col-100 elementor-inner-column elementor-element elementor-element-1f3a3e0a\" data-id=\"1f3a3e0a\" data-element_type=\"column\">\n\t\t\t<div class=\"elementor-widget-wrap elementor-element-populated\">\n\t\t\t\t\t\t<div class=\"elementor-element elementor-element-4e64f233 elementor-widget elementor-widget-heading\" data-id=\"4e64f233\" data-element_type=\"widget\" data-widget_type=\"heading.default\">\n\t\t\t\t<div class=\"elementor-widget-container\">\n\t\t\t<h2 class=\"elementor-heading-title elementor-size-default\">Images<\/h2>\t\t<\/div>\n\t\t\t\t<\/div>\n\t\t\t\t<div class=\"elementor-element elementor-element-5403e5fa elementor-widget-divider--view-line elementor-widget elementor-widget-divider\" data-id=\"5403e5fa\" data-element_type=\"widget\" data-widget_type=\"divider.default\">\n\t\t\t\t<div class=\"elementor-widget-container\">\n\t\t\t\t\t<div class=\"elementor-divider\">\n\t\t\t<span class=\"elementor-divider-separator\">\n\t\t\t\t\t\t<\/span>\n\t\t<\/div>\n\t\t\t\t<\/div>\n\t\t\t\t<\/div>\n\t\t\t\t\t<\/div>\n\t\t<\/div>\n\t\t\t\t\t<\/div>\n\t\t<\/section>\n\t\t\t\t\t<\/div>\n\t\t<\/div>\n\t\t\t\t\t<\/div>\n\t\t<\/section>\n\t\t\t\t<section class=\"elementor-section elementor-top-section elementor-element elementor-element-407fa9be elementor-section-full_width elementor-section-stretched elementor-section-height-default elementor-section-height-default\" data-id=\"407fa9be\" data-element_type=\"section\" data-settings=\"{&quot;background_background&quot;:&quot;classic&quot;,&quot;stretch_section&quot;:&quot;section-stretched&quot;}\">\n\t\t\t\t\t\t<div class=\"elementor-container elementor-column-gap-default\">\n\t\t\t\t\t<div class=\"elementor-column elementor-col-100 elementor-top-column elementor-element elementor-element-6b91e4ff\" data-id=\"6b91e4ff\" data-element_type=\"column\">\n\t\t\t<div class=\"elementor-widget-wrap elementor-element-populated\">\n\t\t\t\t\t\t<div class=\"elementor-element elementor-element-481f334f elementor-widget elementor-widget-spacer\" data-id=\"481f334f\" data-element_type=\"widget\" data-widget_type=\"spacer.default\">\n\t\t\t\t<div class=\"elementor-widget-container\">\n\t\t\t\t\t<div class=\"elementor-spacer\">\n\t\t\t<div class=\"elementor-spacer-inner\"><\/div>\n\t\t<\/div>\n\t\t\t\t<\/div>\n\t\t\t\t<\/div>\n\t\t\t\t<section class=\"elementor-section elementor-inner-section elementor-element elementor-element-2a4ac040 elementor-section-boxed elementor-section-height-default elementor-section-height-default\" data-id=\"2a4ac040\" data-element_type=\"section\">\n\t\t\t\t\t\t<div class=\"elementor-container elementor-column-gap-default\">\n\t\t\t\t\t<div class=\"elementor-column elementor-col-50 elementor-inner-column elementor-element elementor-element-2805572b\" data-id=\"2805572b\" data-element_type=\"column\">\n\t\t\t<div class=\"elementor-widget-wrap elementor-element-populated\">\n\t\t\t\t\t\t<div class=\"elementor-element elementor-element-407dce30 elementor-widget elementor-widget-text-editor\" data-id=\"407dce30\" data-element_type=\"widget\" data-widget_type=\"text-editor.default\">\n\t\t\t\t<div class=\"elementor-widget-container\">\n\t\t\t\t\t\t\t<pre>Photo gallery of Blanca Rubal, a cellist in Madrid<\/pre>\t\t\t\t\t\t<\/div>\n\t\t\t\t<\/div>\n\t\t\t\t\t<\/div>\n\t\t<\/div>\n\t\t\t\t<div class=\"elementor-column elementor-col-50 elementor-inner-column elementor-element elementor-element-1364ffa0\" data-id=\"1364ffa0\" data-element_type=\"column\">\n\t\t\t<div class=\"elementor-widget-wrap\">\n\t\t\t\t\t\t\t<\/div>\n\t\t<\/div>\n\t\t\t\t\t<\/div>\n\t\t<\/section>\n\t\t\t\t\t<\/div>\n\t\t<\/div>\n\t\t\t\t\t<\/div>\n\t\t<\/section>\n\t\t\t\t<section class=\"elementor-section elementor-top-section elementor-element elementor-element-286405af elementor-section-stretched elementor-section-boxed elementor-section-height-default elementor-section-height-default\" data-id=\"286405af\" data-element_type=\"section\" data-settings=\"{&quot;stretch_section&quot;:&quot;section-stretched&quot;}\">\n\t\t\t\t\t\t<div class=\"elementor-container elementor-column-gap-default\">\n\t\t\t\t\t<div class=\"elementor-column elementor-col-100 elementor-top-column elementor-element elementor-element-237ddcc7 wrapper\" data-id=\"237ddcc7\" data-element_type=\"column\">\n\t\t\t<div class=\"elementor-widget-wrap elementor-element-populated\">\n\t\t\t\t\t\t<div class=\"elementor-element elementor-element-5642c88a elementor-invisible elementor-widget elementor-widget-jkit_gallery\" data-id=\"5642c88a\" data-element_type=\"widget\" data-settings=\"{&quot;_animation&quot;:&quot;fadeIn&quot;}\" data-widget_type=\"jkit_gallery.default\">\n\t\t\t\t<div class=\"elementor-widget-container\">\n\t\t\t<div  class=\"jeg-elementor-kit jkit-gallery layout-overlay jeg_module___69f3148032ccb\"  data-grid=\"masonry\" data-id=\"jeg_module___69f3148032ccb\" data-per-page=\"35\" data-load-more=\"0\" data-current-loaded=\"24\" data-count-items=\"24\" data-animation-duration=\"500\" data-no-more=\"No More Item\" data-items=\"[&quot;&lt;div class=\\&quot;gallery-item-wrap jkit-gcf-Con-el-Sexteto-de-Mariel-Mart&amp;iacute;nez-y-Fabin-Carbone\\&quot;&gt; &lt;div class=\\&quot;grid-item\\&quot;&gt;&lt;div class=\\&quot;thumbnail-wrap\\&quot;&gt;&lt;img width=\\&quot;1024\\&quot; height=\\&quot;770\\&quot; src=\\&quot;https:\\\/\\\/blancarubal.com\\\/wp-content\\\/uploads\\\/2021\\\/07\\\/Blanca-Lopez-Rubal-Violonchelo-Galeria-26.jpg\\&quot; class=\\&quot;attachment-full size-full\\&quot; alt=\\&quot;Con el Sexteto de Mariel Mart\\u00ednez y Fabi\\u00e1n Carbone\\&quot; url=\\&quot;https:\\\/\\\/blancarubal.com\\\/wp-content\\\/uploads\\\/2021\\\/07\\\/Blanca-Lopez-Rubal-Violonchelo-Galeria-26.jpg\\&quot; source=\\&quot;library\\&quot; srcset=\\&quot;https:\\\/\\\/blancarubal.com\\\/wp-content\\\/uploads\\\/2021\\\/07\\\/Blanca-Lopez-Rubal-Violonchelo-Galeria-26.jpg 1024w, https:\\\/\\\/blancarubal.com\\\/wp-content\\\/uploads\\\/2021\\\/07\\\/Blanca-Lopez-Rubal-Violonchelo-Galeria-26-300x226.jpg 300w, https:\\\/\\\/blancarubal.com\\\/wp-content\\\/uploads\\\/2021\\\/07\\\/Blanca-Lopez-Rubal-Violonchelo-Galeria-26-768x578.jpg 768w\\&quot; sizes=\\&quot;(max-width: 1024px) 100vw, 1024px\\&quot; \\\/&gt;&lt;\\\/div&gt;&lt;a href=\\&quot;https:\\\/\\\/blancarubal.com\\\/wp-content\\\/uploads\\\/2021\\\/07\\\/Blanca-Lopez-Rubal-Violonchelo-Galeria-26.jpg\\&quot; class=\\&quot;gallery-link\\&quot; target=\\&quot;_blank\\&quot; data-elementor-open-lightbox=\\&quot;no\\&quot;&gt;&lt;div class=\\&quot;caption-wrap style-overlay overlay-slide\\&quot;&gt; &lt;div class=\\&quot;item-hover-bg\\&quot;&gt;&lt;\\\/div&gt; &lt;div class=\\&quot;item-caption-over\\&quot;&gt; &lt;h5 class=\\&quot;item-title\\&quot;&gt;Con el Sexteto de Mariel Mart\\u00ednez y Fabi\\u00e1n Carbone&lt;\\\/h5&gt; &lt;div class=\\&quot;item-content\\&quot;&gt;&lt;\\\/div&gt; &lt;\\\/div&gt; &lt;div class=\\&quot;caption-head\\&quot;&gt;&lt;\\\/div&gt; &lt;div class=\\&quot;caption-category\\&quot;&gt;&lt;\\\/div&gt; &lt;\\\/div&gt;&lt;\\\/a&gt;&lt;\\\/div&gt; &lt;\\\/div&gt;&quot;,&quot;&lt;div class=\\&quot;gallery-item-wrap jkit-gcf-Goyeneche-Quartet-en-el-Teatro-Off-La-Latina-Madrid\\&quot;&gt; &lt;div class=\\&quot;grid-item\\&quot;&gt;&lt;div class=\\&quot;thumbnail-wrap\\&quot;&gt;&lt;img width=\\&quot;1600\\&quot; height=\\&quot;1200\\&quot; src=\\&quot;https:\\\/\\\/blancarubal.com\\\/wp-content\\\/uploads\\\/2021\\\/07\\\/Blanca-Lopez-Rubal-Violonchelo-Galeria-25.jpg\\&quot; class=\\&quot;attachment-full size-full\\&quot; alt=\\&quot;Goyeneche Quartet en el Teatro Off La Latina (Madrid)\\&quot; url=\\&quot;https:\\\/\\\/blancarubal.com\\\/wp-content\\\/uploads\\\/2021\\\/07\\\/Blanca-Lopez-Rubal-Violonchelo-Galeria-25.jpg\\&quot; source=\\&quot;library\\&quot; srcset=\\&quot;https:\\\/\\\/blancarubal.com\\\/wp-content\\\/uploads\\\/2021\\\/07\\\/Blanca-Lopez-Rubal-Violonchelo-Galeria-25.jpg 1600w, https:\\\/\\\/blancarubal.com\\\/wp-content\\\/uploads\\\/2021\\\/07\\\/Blanca-Lopez-Rubal-Violonchelo-Galeria-25-300x225.jpg 300w, https:\\\/\\\/blancarubal.com\\\/wp-content\\\/uploads\\\/2021\\\/07\\\/Blanca-Lopez-Rubal-Violonchelo-Galeria-25-1024x768.jpg 1024w, https:\\\/\\\/blancarubal.com\\\/wp-content\\\/uploads\\\/2021\\\/07\\\/Blanca-Lopez-Rubal-Violonchelo-Galeria-25-768x576.jpg 768w, https:\\\/\\\/blancarubal.com\\\/wp-content\\\/uploads\\\/2021\\\/07\\\/Blanca-Lopez-Rubal-Violonchelo-Galeria-25-1536x1152.jpg 1536w\\&quot; sizes=\\&quot;(max-width: 1600px) 100vw, 1600px\\&quot; \\\/&gt;&lt;\\\/div&gt;&lt;a href=\\&quot;https:\\\/\\\/blancarubal.com\\\/wp-content\\\/uploads\\\/2021\\\/07\\\/Blanca-Lopez-Rubal-Violonchelo-Galeria-25.jpg\\&quot; class=\\&quot;gallery-link\\&quot; target=\\&quot;_blank\\&quot; data-elementor-open-lightbox=\\&quot;no\\&quot;&gt;&lt;div class=\\&quot;caption-wrap style-overlay overlay-slide\\&quot;&gt; &lt;div class=\\&quot;item-hover-bg\\&quot;&gt;&lt;\\\/div&gt; &lt;div class=\\&quot;item-caption-over\\&quot;&gt; &lt;h5 class=\\&quot;item-title\\&quot;&gt;Goyeneche Quartet en el Teatro Off La Latina (Madrid)&lt;\\\/h5&gt; &lt;div class=\\&quot;item-content\\&quot;&gt;&lt;\\\/div&gt; &lt;\\\/div&gt; &lt;div class=\\&quot;caption-head\\&quot;&gt;&lt;\\\/div&gt; &lt;div class=\\&quot;caption-category\\&quot;&gt;&lt;\\\/div&gt; &lt;\\\/div&gt;&lt;\\\/a&gt;&lt;\\\/div&gt; &lt;\\\/div&gt;&quot;,&quot;&lt;div class=\\&quot;gallery-item-wrap jkit-gcf-DIGITAL-21-+-STEFAN-OLSDAL\\&quot;&gt; &lt;div class=\\&quot;grid-item\\&quot;&gt;&lt;div class=\\&quot;thumbnail-wrap\\&quot;&gt;&lt;img width=\\&quot;1366\\&quot; height=\\&quot;768\\&quot; src=\\&quot;https:\\\/\\\/blancarubal.com\\\/wp-content\\\/uploads\\\/2021\\\/09\\\/Digital-21-Blanca-Rubal.jpg\\&quot; class=\\&quot;attachment-full size-full\\&quot; alt=\\&quot;Stefan Olsdal + Digital 21 (Live)\\&quot; url=\\&quot;https:\\\/\\\/blancarubal.com\\\/wp-content\\\/uploads\\\/2021\\\/09\\\/Digital-21-Blanca-Rubal.jpg\\&quot; source=\\&quot;library\\&quot; srcset=\\&quot;https:\\\/\\\/blancarubal.com\\\/wp-content\\\/uploads\\\/2021\\\/09\\\/Digital-21-Blanca-Rubal.jpg 1366w, https:\\\/\\\/blancarubal.com\\\/wp-content\\\/uploads\\\/2021\\\/09\\\/Digital-21-Blanca-Rubal-300x169.jpg 300w, https:\\\/\\\/blancarubal.com\\\/wp-content\\\/uploads\\\/2021\\\/09\\\/Digital-21-Blanca-Rubal-1024x576.jpg 1024w, https:\\\/\\\/blancarubal.com\\\/wp-content\\\/uploads\\\/2021\\\/09\\\/Digital-21-Blanca-Rubal-768x432.jpg 768w\\&quot; sizes=\\&quot;(max-width: 1366px) 100vw, 1366px\\&quot; \\\/&gt;&lt;\\\/div&gt;&lt;a href=\\&quot;https:\\\/\\\/blancarubal.com\\\/wp-content\\\/uploads\\\/2021\\\/09\\\/Digital-21-Blanca-Rubal.jpg\\&quot; class=\\&quot;gallery-link\\&quot; target=\\&quot;_blank\\&quot; data-elementor-open-lightbox=\\&quot;no\\&quot;&gt;&lt;div class=\\&quot;caption-wrap style-overlay overlay-slide\\&quot;&gt; &lt;div class=\\&quot;item-hover-bg\\&quot;&gt;&lt;\\\/div&gt; &lt;div class=\\&quot;item-caption-over\\&quot;&gt; &lt;h5 class=\\&quot;item-title\\&quot;&gt;Stefan Olsdal + Digital 21 (Live)&lt;\\\/h5&gt; &lt;div class=\\&quot;item-content\\&quot;&gt;&lt;\\\/div&gt; &lt;\\\/div&gt; &lt;div class=\\&quot;caption-head\\&quot;&gt;&lt;\\\/div&gt; &lt;div class=\\&quot;caption-category\\&quot;&gt;&lt;\\\/div&gt; &lt;\\\/div&gt;&lt;\\\/a&gt;&lt;\\\/div&gt; &lt;\\\/div&gt;&quot;,&quot;&lt;div class=\\&quot;gallery-item-wrap jkit-gcf-Grabaci&amp;oacute;n-del-lbum-Flamenco-y-Clsico-de-Jos&amp;eacute;-Lu&amp;iacute;s-Mont&amp;oacute;n\\&quot;&gt; &lt;div class=\\&quot;grid-item\\&quot;&gt;&lt;div class=\\&quot;thumbnail-wrap\\&quot;&gt;&lt;img width=\\&quot;1366\\&quot; height=\\&quot;768\\&quot; src=\\&quot;https:\\\/\\\/blancarubal.com\\\/wp-content\\\/uploads\\\/2021\\\/07\\\/Sheila-Blanco-Jose-Luis-Monton-con-Blanca-Rubal.jpg\\&quot; class=\\&quot;attachment-full size-full\\&quot; alt=\\&quot;Grabaci\\u00f3n del \\u00e1lbum &amp;quot;Flamenco y Cl\\u00e1sico&amp;quot; de Jos\\u00e9 Lu\\u00eds Mont\\u00f3n\\&quot; url=\\&quot;https:\\\/\\\/blancarubal.com\\\/wp-content\\\/uploads\\\/2021\\\/07\\\/Sheila-Blanco-Jose-Luis-Monton-con-Blanca-Rubal.jpg\\&quot; source=\\&quot;library\\&quot; srcset=\\&quot;https:\\\/\\\/blancarubal.com\\\/wp-content\\\/uploads\\\/2021\\\/07\\\/Sheila-Blanco-Jose-Luis-Monton-con-Blanca-Rubal.jpg 1366w, https:\\\/\\\/blancarubal.com\\\/wp-content\\\/uploads\\\/2021\\\/07\\\/Sheila-Blanco-Jose-Luis-Monton-con-Blanca-Rubal-300x169.jpg 300w, https:\\\/\\\/blancarubal.com\\\/wp-content\\\/uploads\\\/2021\\\/07\\\/Sheila-Blanco-Jose-Luis-Monton-con-Blanca-Rubal-1024x576.jpg 1024w, https:\\\/\\\/blancarubal.com\\\/wp-content\\\/uploads\\\/2021\\\/07\\\/Sheila-Blanco-Jose-Luis-Monton-con-Blanca-Rubal-768x432.jpg 768w\\&quot; sizes=\\&quot;(max-width: 1366px) 100vw, 1366px\\&quot; \\\/&gt;&lt;\\\/div&gt;&lt;a href=\\&quot;https:\\\/\\\/blancarubal.com\\\/wp-content\\\/uploads\\\/2021\\\/07\\\/Sheila-Blanco-Jose-Luis-Monton-con-Blanca-Rubal.jpg\\&quot; class=\\&quot;gallery-link\\&quot; target=\\&quot;_blank\\&quot; data-elementor-open-lightbox=\\&quot;no\\&quot;&gt;&lt;div class=\\&quot;caption-wrap style-overlay overlay-slide\\&quot;&gt; &lt;div class=\\&quot;item-hover-bg\\&quot;&gt;&lt;\\\/div&gt; &lt;div class=\\&quot;item-caption-over\\&quot;&gt; &lt;h5 class=\\&quot;item-title\\&quot;&gt;Grabaci\\u00f3n del \\u00e1lbum &amp;quot;Flamenco y Cl\\u00e1sico&amp;quot; de Jos\\u00e9 Lu\\u00eds Mont\\u00f3n&lt;\\\/h5&gt; &lt;div class=\\&quot;item-content\\&quot;&gt;&lt;\\\/div&gt; &lt;\\\/div&gt; &lt;div class=\\&quot;caption-head\\&quot;&gt;&lt;\\\/div&gt; &lt;div class=\\&quot;caption-category\\&quot;&gt;&lt;\\\/div&gt; &lt;\\\/div&gt;&lt;\\\/a&gt;&lt;\\\/div&gt; &lt;\\\/div&gt;&quot;,&quot;&lt;div class=\\&quot;gallery-item-wrap jkit-gcf-Festival-Internacional-de-Cello--CFest-de-Puebla-M\\u00e9xico\\&quot;&gt; &lt;div class=\\&quot;grid-item\\&quot;&gt;&lt;div class=\\&quot;thumbnail-wrap\\&quot;&gt;&lt;img width=\\&quot;1200\\&quot; height=\\&quot;1600\\&quot; src=\\&quot;https:\\\/\\\/blancarubal.com\\\/wp-content\\\/uploads\\\/2021\\\/07\\\/Blanca-Lopez-Rubal-Violonchelo-Recien-llegada-a-Puebla-Mexico-al-C-Fest.jpg\\&quot; class=\\&quot;attachment-full size-full\\&quot; alt=\\&quot;Festival Internacional de Cello &amp;quot;CFest&amp;quot; de Puebla (M\\u00e9xico)\\&quot; url=\\&quot;https:\\\/\\\/blancarubal.com\\\/wp-content\\\/uploads\\\/2021\\\/07\\\/Blanca-Lopez-Rubal-Violonchelo-Recien-llegada-a-Puebla-Mexico-al-C-Fest.jpg\\&quot; source=\\&quot;library\\&quot; srcset=\\&quot;https:\\\/\\\/blancarubal.com\\\/wp-content\\\/uploads\\\/2021\\\/07\\\/Blanca-Lopez-Rubal-Violonchelo-Recien-llegada-a-Puebla-Mexico-al-C-Fest.jpg 1200w, https:\\\/\\\/blancarubal.com\\\/wp-content\\\/uploads\\\/2021\\\/07\\\/Blanca-Lopez-Rubal-Violonchelo-Recien-llegada-a-Puebla-Mexico-al-C-Fest-225x300.jpg 225w, https:\\\/\\\/blancarubal.com\\\/wp-content\\\/uploads\\\/2021\\\/07\\\/Blanca-Lopez-Rubal-Violonchelo-Recien-llegada-a-Puebla-Mexico-al-C-Fest-768x1024.jpg 768w, https:\\\/\\\/blancarubal.com\\\/wp-content\\\/uploads\\\/2021\\\/07\\\/Blanca-Lopez-Rubal-Violonchelo-Recien-llegada-a-Puebla-Mexico-al-C-Fest-1152x1536.jpg 1152w\\&quot; sizes=\\&quot;(max-width: 1200px) 100vw, 1200px\\&quot; \\\/&gt;&lt;\\\/div&gt;&lt;a href=\\&quot;https:\\\/\\\/blancarubal.com\\\/wp-content\\\/uploads\\\/2021\\\/07\\\/Blanca-Lopez-Rubal-Violonchelo-Recien-llegada-a-Puebla-Mexico-al-C-Fest.jpg\\&quot; class=\\&quot;gallery-link\\&quot; target=\\&quot;_blank\\&quot; data-elementor-open-lightbox=\\&quot;no\\&quot;&gt;&lt;div class=\\&quot;caption-wrap style-overlay overlay-slide\\&quot;&gt; &lt;div class=\\&quot;item-hover-bg\\&quot;&gt;&lt;\\\/div&gt; &lt;div class=\\&quot;item-caption-over\\&quot;&gt; &lt;h5 class=\\&quot;item-title\\&quot;&gt;Festival Internacional de Cello &amp;quot;CFest&amp;quot; de Puebla (M\\u00e9xico)&lt;\\\/h5&gt; &lt;div class=\\&quot;item-content\\&quot;&gt;&lt;\\\/div&gt; &lt;\\\/div&gt; &lt;div class=\\&quot;caption-head\\&quot;&gt;&lt;\\\/div&gt; &lt;div class=\\&quot;caption-category\\&quot;&gt;&lt;\\\/div&gt; &lt;\\\/div&gt;&lt;\\\/a&gt;&lt;\\\/div&gt; &lt;\\\/div&gt;&quot;,&quot;&lt;div class=\\&quot;gallery-item-wrap jkit-gcf-Rock-Sinf\\u00f3nico-con-Octover-en-el-Teatro-Monumental-de-Madrid\\&quot;&gt; &lt;div class=\\&quot;grid-item\\&quot;&gt;&lt;div class=\\&quot;thumbnail-wrap\\&quot;&gt;&lt;img width=\\&quot;993\\&quot; height=\\&quot;662\\&quot; src=\\&quot;https:\\\/\\\/blancarubal.com\\\/wp-content\\\/uploads\\\/2021\\\/07\\\/Blanca-Lopez-Rubal-Violonchelo-Galeria-27.jpg\\&quot; class=\\&quot;attachment-full size-full\\&quot; alt=\\&quot;Rock Sinf\\u00f3nico con Octover en el Teatro Monumental de Madrid\\&quot; url=\\&quot;https:\\\/\\\/blancarubal.com\\\/wp-content\\\/uploads\\\/2021\\\/07\\\/Blanca-Lopez-Rubal-Violonchelo-Galeria-27.jpg\\&quot; source=\\&quot;library\\&quot; srcset=\\&quot;https:\\\/\\\/blancarubal.com\\\/wp-content\\\/uploads\\\/2021\\\/07\\\/Blanca-Lopez-Rubal-Violonchelo-Galeria-27.jpg 993w, https:\\\/\\\/blancarubal.com\\\/wp-content\\\/uploads\\\/2021\\\/07\\\/Blanca-Lopez-Rubal-Violonchelo-Galeria-27-300x200.jpg 300w, https:\\\/\\\/blancarubal.com\\\/wp-content\\\/uploads\\\/2021\\\/07\\\/Blanca-Lopez-Rubal-Violonchelo-Galeria-27-768x512.jpg 768w\\&quot; sizes=\\&quot;(max-width: 993px) 100vw, 993px\\&quot; \\\/&gt;&lt;\\\/div&gt;&lt;a href=\\&quot;https:\\\/\\\/blancarubal.com\\\/wp-content\\\/uploads\\\/2021\\\/07\\\/Blanca-Lopez-Rubal-Violonchelo-Galeria-27.jpg\\&quot; class=\\&quot;gallery-link\\&quot; target=\\&quot;_blank\\&quot; data-elementor-open-lightbox=\\&quot;no\\&quot;&gt;&lt;div class=\\&quot;caption-wrap style-overlay overlay-slide\\&quot;&gt; &lt;div class=\\&quot;item-hover-bg\\&quot;&gt;&lt;\\\/div&gt; &lt;div class=\\&quot;item-caption-over\\&quot;&gt; &lt;h5 class=\\&quot;item-title\\&quot;&gt;Rock Sinf\\u00f3nico con Octover en el Teatro Monumental de Madrid&lt;\\\/h5&gt; &lt;div class=\\&quot;item-content\\&quot;&gt;&lt;\\\/div&gt; &lt;\\\/div&gt; &lt;div class=\\&quot;caption-head\\&quot;&gt;&lt;\\\/div&gt; &lt;div class=\\&quot;caption-category\\&quot;&gt;&lt;\\\/div&gt; &lt;\\\/div&gt;&lt;\\\/a&gt;&lt;\\\/div&gt; &lt;\\\/div&gt;&quot;,&quot;&lt;div class=\\&quot;gallery-item-wrap jkit-gcf-Con-Antonio-Orozco jkit-gcf-Tour-Diez\\&quot;&gt; &lt;div class=\\&quot;grid-item\\&quot;&gt;&lt;div class=\\&quot;thumbnail-wrap\\&quot;&gt;&lt;img width=\\&quot;800\\&quot; height=\\&quot;534\\&quot; src=\\&quot;https:\\\/\\\/blancarubal.com\\\/wp-content\\\/uploads\\\/2021\\\/07\\\/Blanca-Rubal-con-Antonio-Orozco.jpg\\&quot; class=\\&quot;attachment-full size-full\\&quot; alt=\\&quot;Con Antonio Orozco, Tour &amp;quot;Diez&amp;quot;\\&quot; url=\\&quot;https:\\\/\\\/blancarubal.com\\\/wp-content\\\/uploads\\\/2021\\\/07\\\/Blanca-Rubal-con-Antonio-Orozco.jpg\\&quot; source=\\&quot;library\\&quot; srcset=\\&quot;https:\\\/\\\/blancarubal.com\\\/wp-content\\\/uploads\\\/2021\\\/07\\\/Blanca-Rubal-con-Antonio-Orozco.jpg 800w, https:\\\/\\\/blancarubal.com\\\/wp-content\\\/uploads\\\/2021\\\/07\\\/Blanca-Rubal-con-Antonio-Orozco-300x200.jpg 300w, https:\\\/\\\/blancarubal.com\\\/wp-content\\\/uploads\\\/2021\\\/07\\\/Blanca-Rubal-con-Antonio-Orozco-768x513.jpg 768w\\&quot; sizes=\\&quot;(max-width: 800px) 100vw, 800px\\&quot; \\\/&gt;&lt;\\\/div&gt;&lt;a href=\\&quot;https:\\\/\\\/blancarubal.com\\\/wp-content\\\/uploads\\\/2021\\\/07\\\/Blanca-Rubal-con-Antonio-Orozco.jpg\\&quot; class=\\&quot;gallery-link\\&quot; target=\\&quot;_blank\\&quot; data-elementor-open-lightbox=\\&quot;no\\&quot;&gt;&lt;div class=\\&quot;caption-wrap style-overlay overlay-slide\\&quot;&gt; &lt;div class=\\&quot;item-hover-bg\\&quot;&gt;&lt;\\\/div&gt; &lt;div class=\\&quot;item-caption-over\\&quot;&gt; &lt;h5 class=\\&quot;item-title\\&quot;&gt;Con Antonio Orozco, Tour &amp;quot;Diez&amp;quot;&lt;\\\/h5&gt; &lt;div class=\\&quot;item-content\\&quot;&gt;&lt;\\\/div&gt; &lt;\\\/div&gt; &lt;div class=\\&quot;caption-head\\&quot;&gt;&lt;\\\/div&gt; &lt;div class=\\&quot;caption-category\\&quot;&gt;&lt;\\\/div&gt; &lt;\\\/div&gt;&lt;\\\/a&gt;&lt;\\\/div&gt; &lt;\\\/div&gt;&quot;,&quot;&lt;div class=\\&quot;gallery-item-wrap jkit-gcf-Con-el-Sexteto-de-Mariel-Mart&amp;iacute;nez-y-Fabin-Carbone\\&quot;&gt; &lt;div class=\\&quot;grid-item\\&quot;&gt;&lt;div class=\\&quot;thumbnail-wrap\\&quot;&gt;&lt;img width=\\&quot;1024\\&quot; height=\\&quot;841\\&quot; src=\\&quot;https:\\\/\\\/blancarubal.com\\\/wp-content\\\/uploads\\\/2021\\\/09\\\/Blanca-tango-II.jpg\\&quot; class=\\&quot;attachment-full size-full\\&quot; alt=\\&quot;Con el Sexteto de Mariel Mart\\u00ednez y Fabi\\u00e1n Carbone\\&quot; url=\\&quot;https:\\\/\\\/blancarubal.com\\\/wp-content\\\/uploads\\\/2021\\\/09\\\/Blanca-tango-II.jpg\\&quot; source=\\&quot;library\\&quot; srcset=\\&quot;https:\\\/\\\/blancarubal.com\\\/wp-content\\\/uploads\\\/2021\\\/09\\\/Blanca-tango-II.jpg 1024w, https:\\\/\\\/blancarubal.com\\\/wp-content\\\/uploads\\\/2021\\\/09\\\/Blanca-tango-II-300x246.jpg 300w, https:\\\/\\\/blancarubal.com\\\/wp-content\\\/uploads\\\/2021\\\/09\\\/Blanca-tango-II-768x631.jpg 768w\\&quot; sizes=\\&quot;(max-width: 1024px) 100vw, 1024px\\&quot; \\\/&gt;&lt;\\\/div&gt;&lt;a href=\\&quot;https:\\\/\\\/blancarubal.com\\\/wp-content\\\/uploads\\\/2021\\\/09\\\/Blanca-tango-II.jpg\\&quot; class=\\&quot;gallery-link\\&quot; target=\\&quot;_blank\\&quot; data-elementor-open-lightbox=\\&quot;no\\&quot;&gt;&lt;div class=\\&quot;caption-wrap style-overlay overlay-slide\\&quot;&gt; &lt;div class=\\&quot;item-hover-bg\\&quot;&gt;&lt;\\\/div&gt; &lt;div class=\\&quot;item-caption-over\\&quot;&gt; &lt;h5 class=\\&quot;item-title\\&quot;&gt;Con el Sexteto de Mariel Mart\\u00ednez y Fabi\\u00e1n Carbone&lt;\\\/h5&gt; &lt;div class=\\&quot;item-content\\&quot;&gt;&lt;\\\/div&gt; &lt;\\\/div&gt; &lt;div class=\\&quot;caption-head\\&quot;&gt;&lt;\\\/div&gt; &lt;div class=\\&quot;caption-category\\&quot;&gt;&lt;\\\/div&gt; &lt;\\\/div&gt;&lt;\\\/a&gt;&lt;\\\/div&gt; &lt;\\\/div&gt;&quot;,&quot;&lt;div class=\\&quot;gallery-item-wrap jkit-gcf-Conservatorio-Profesional-de-M\\u00fasica\\&quot;&gt; &lt;div class=\\&quot;grid-item\\&quot;&gt;&lt;div class=\\&quot;thumbnail-wrap\\&quot;&gt;&lt;img width=\\&quot;720\\&quot; height=\\&quot;479\\&quot; src=\\&quot;https:\\\/\\\/blancarubal.com\\\/wp-content\\\/uploads\\\/2021\\\/07\\\/Blanca-Lopez-Rubal-Violonchelo-Galeria-6.jpg\\&quot; class=\\&quot;attachment-full size-full\\&quot; alt=\\&quot;Conservatorio Profesional de M\\u00fasica\\&quot; url=\\&quot;https:\\\/\\\/blancarubal.com\\\/wp-content\\\/uploads\\\/2021\\\/07\\\/Blanca-Lopez-Rubal-Violonchelo-Galeria-6.jpg\\&quot; source=\\&quot;library\\&quot; srcset=\\&quot;https:\\\/\\\/blancarubal.com\\\/wp-content\\\/uploads\\\/2021\\\/07\\\/Blanca-Lopez-Rubal-Violonchelo-Galeria-6.jpg 720w, https:\\\/\\\/blancarubal.com\\\/wp-content\\\/uploads\\\/2021\\\/07\\\/Blanca-Lopez-Rubal-Violonchelo-Galeria-6-300x200.jpg 300w\\&quot; sizes=\\&quot;(max-width: 720px) 100vw, 720px\\&quot; \\\/&gt;&lt;\\\/div&gt;&lt;a href=\\&quot;https:\\\/\\\/blancarubal.com\\\/wp-content\\\/uploads\\\/2021\\\/07\\\/Blanca-Lopez-Rubal-Violonchelo-Galeria-6.jpg\\&quot; class=\\&quot;gallery-link\\&quot; target=\\&quot;_blank\\&quot; data-elementor-open-lightbox=\\&quot;no\\&quot;&gt;&lt;div class=\\&quot;caption-wrap style-overlay overlay-slide\\&quot;&gt; &lt;div class=\\&quot;item-hover-bg\\&quot;&gt;&lt;\\\/div&gt; &lt;div class=\\&quot;item-caption-over\\&quot;&gt; &lt;h5 class=\\&quot;item-title\\&quot;&gt;Conservatorio Profesional de M\\u00fasica&lt;\\\/h5&gt; &lt;div class=\\&quot;item-content\\&quot;&gt;&lt;\\\/div&gt; &lt;\\\/div&gt; &lt;div class=\\&quot;caption-head\\&quot;&gt;&lt;\\\/div&gt; &lt;div class=\\&quot;caption-category\\&quot;&gt;&lt;\\\/div&gt; &lt;\\\/div&gt;&lt;\\\/a&gt;&lt;\\\/div&gt; &lt;\\\/div&gt;&quot;,&quot;&lt;div class=\\&quot;gallery-item-wrap jkit-gcf-Masterclass-en-el-Festival-Internacional-de-Violonchelo-Cfest-M\\u00e9xico\\&quot;&gt; &lt;div class=\\&quot;grid-item\\&quot;&gt;&lt;div class=\\&quot;thumbnail-wrap\\&quot;&gt;&lt;img width=\\&quot;1280\\&quot; height=\\&quot;853\\&quot; src=\\&quot;https:\\\/\\\/blancarubal.com\\\/wp-content\\\/uploads\\\/2021\\\/07\\\/Blanca-Lopez-Rubal-Violonchelo-Galeria-12.jpg\\&quot; class=\\&quot;attachment-full size-full\\&quot; alt=\\&quot;Masterclass en el Festival Internacional de Violonchelo Cfest (M\\u00e9xico)\\&quot; url=\\&quot;https:\\\/\\\/blancarubal.com\\\/wp-content\\\/uploads\\\/2021\\\/07\\\/Blanca-Lopez-Rubal-Violonchelo-Galeria-12.jpg\\&quot; source=\\&quot;library\\&quot; srcset=\\&quot;https:\\\/\\\/blancarubal.com\\\/wp-content\\\/uploads\\\/2021\\\/07\\\/Blanca-Lopez-Rubal-Violonchelo-Galeria-12.jpg 1280w, https:\\\/\\\/blancarubal.com\\\/wp-content\\\/uploads\\\/2021\\\/07\\\/Blanca-Lopez-Rubal-Violonchelo-Galeria-12-300x200.jpg 300w, https:\\\/\\\/blancarubal.com\\\/wp-content\\\/uploads\\\/2021\\\/07\\\/Blanca-Lopez-Rubal-Violonchelo-Galeria-12-1024x682.jpg 1024w, https:\\\/\\\/blancarubal.com\\\/wp-content\\\/uploads\\\/2021\\\/07\\\/Blanca-Lopez-Rubal-Violonchelo-Galeria-12-768x512.jpg 768w\\&quot; sizes=\\&quot;(max-width: 1280px) 100vw, 1280px\\&quot; \\\/&gt;&lt;\\\/div&gt;&lt;a href=\\&quot;https:\\\/\\\/blancarubal.com\\\/wp-content\\\/uploads\\\/2021\\\/07\\\/Blanca-Lopez-Rubal-Violonchelo-Galeria-12.jpg\\&quot; class=\\&quot;gallery-link\\&quot; target=\\&quot;_blank\\&quot; data-elementor-open-lightbox=\\&quot;no\\&quot;&gt;&lt;div class=\\&quot;caption-wrap style-overlay overlay-slide\\&quot;&gt; &lt;div class=\\&quot;item-hover-bg\\&quot;&gt;&lt;\\\/div&gt; &lt;div class=\\&quot;item-caption-over\\&quot;&gt; &lt;h5 class=\\&quot;item-title\\&quot;&gt;Masterclass en el Festival Internacional de Violonchelo Cfest (M\\u00e9xico)&lt;\\\/h5&gt; &lt;div class=\\&quot;item-content\\&quot;&gt;&lt;\\\/div&gt; &lt;\\\/div&gt; &lt;div class=\\&quot;caption-head\\&quot;&gt;&lt;\\\/div&gt; &lt;div class=\\&quot;caption-category\\&quot;&gt;&lt;\\\/div&gt; &lt;\\\/div&gt;&lt;\\\/a&gt;&lt;\\\/div&gt; &lt;\\\/div&gt;&quot;,&quot;&lt;div class=\\&quot;gallery-item-wrap jkit-gcf-Recital-Clsico-en-Centro-Cibeles-Madrid\\&quot;&gt; &lt;div class=\\&quot;grid-item\\&quot;&gt;&lt;div class=\\&quot;thumbnail-wrap\\&quot;&gt;&lt;img width=\\&quot;1080\\&quot; height=\\&quot;720\\&quot; src=\\&quot;https:\\\/\\\/blancarubal.com\\\/wp-content\\\/uploads\\\/2021\\\/07\\\/Blanca-Lopez-Rubal-Violonchelo-Galeria-23.jpg\\&quot; class=\\&quot;attachment-full size-full\\&quot; alt=\\&quot;Recital Cl\\u00e1sico de Blanca Rubal y Antonia Valiente en Centro Cibeles (Madrid)\\&quot; url=\\&quot;https:\\\/\\\/blancarubal.com\\\/wp-content\\\/uploads\\\/2021\\\/07\\\/Blanca-Lopez-Rubal-Violonchelo-Galeria-23.jpg\\&quot; source=\\&quot;library\\&quot; srcset=\\&quot;https:\\\/\\\/blancarubal.com\\\/wp-content\\\/uploads\\\/2021\\\/07\\\/Blanca-Lopez-Rubal-Violonchelo-Galeria-23.jpg 1080w, https:\\\/\\\/blancarubal.com\\\/wp-content\\\/uploads\\\/2021\\\/07\\\/Blanca-Lopez-Rubal-Violonchelo-Galeria-23-300x200.jpg 300w, https:\\\/\\\/blancarubal.com\\\/wp-content\\\/uploads\\\/2021\\\/07\\\/Blanca-Lopez-Rubal-Violonchelo-Galeria-23-1024x683.jpg 1024w, https:\\\/\\\/blancarubal.com\\\/wp-content\\\/uploads\\\/2021\\\/07\\\/Blanca-Lopez-Rubal-Violonchelo-Galeria-23-768x512.jpg 768w\\&quot; sizes=\\&quot;(max-width: 1080px) 100vw, 1080px\\&quot; \\\/&gt;&lt;\\\/div&gt;&lt;a href=\\&quot;https:\\\/\\\/blancarubal.com\\\/wp-content\\\/uploads\\\/2021\\\/07\\\/Blanca-Lopez-Rubal-Violonchelo-Galeria-23.jpg\\&quot; class=\\&quot;gallery-link\\&quot; target=\\&quot;_blank\\&quot; data-elementor-open-lightbox=\\&quot;no\\&quot;&gt;&lt;div class=\\&quot;caption-wrap style-overlay overlay-slide\\&quot;&gt; &lt;div class=\\&quot;item-hover-bg\\&quot;&gt;&lt;\\\/div&gt; &lt;div class=\\&quot;item-caption-over\\&quot;&gt; &lt;h5 class=\\&quot;item-title\\&quot;&gt;Recital Cl\\u00e1sico de Blanca Rubal y Antonia Valiente en Centro Cibeles (Madrid)&lt;\\\/h5&gt; &lt;div class=\\&quot;item-content\\&quot;&gt;&lt;\\\/div&gt; &lt;\\\/div&gt; &lt;div class=\\&quot;caption-head\\&quot;&gt;&lt;\\\/div&gt; &lt;div class=\\&quot;caption-category\\&quot;&gt;&lt;\\\/div&gt; &lt;\\\/div&gt;&lt;\\\/a&gt;&lt;\\\/div&gt; &lt;\\\/div&gt;&quot;,&quot;&lt;div class=\\&quot;gallery-item-wrap jkit-gcf-Actuaci\\u00f3n-en-FestiUlloa-Lugo\\&quot;&gt; &lt;div class=\\&quot;grid-item\\&quot;&gt;&lt;div class=\\&quot;thumbnail-wrap\\&quot;&gt;&lt;img width=\\&quot;399\\&quot; height=\\&quot;600\\&quot; src=\\&quot;https:\\\/\\\/blancarubal.com\\\/wp-content\\\/uploads\\\/2021\\\/07\\\/Blanca-Lopez-Rubal-Violonchelo-Galeria-18.jpg\\&quot; class=\\&quot;attachment-full size-full\\&quot; alt=\\&quot;Actuaci\\u00f3n en FestiUlloa (Lugo)\\&quot; url=\\&quot;https:\\\/\\\/blancarubal.com\\\/wp-content\\\/uploads\\\/2021\\\/07\\\/Blanca-Lopez-Rubal-Violonchelo-Galeria-18.jpg\\&quot; source=\\&quot;library\\&quot; srcset=\\&quot;https:\\\/\\\/blancarubal.com\\\/wp-content\\\/uploads\\\/2021\\\/07\\\/Blanca-Lopez-Rubal-Violonchelo-Galeria-18.jpg 399w, https:\\\/\\\/blancarubal.com\\\/wp-content\\\/uploads\\\/2021\\\/07\\\/Blanca-Lopez-Rubal-Violonchelo-Galeria-18-200x300.jpg 200w\\&quot; sizes=\\&quot;(max-width: 399px) 100vw, 399px\\&quot; \\\/&gt;&lt;\\\/div&gt;&lt;a href=\\&quot;https:\\\/\\\/blancarubal.com\\\/wp-content\\\/uploads\\\/2021\\\/07\\\/Blanca-Lopez-Rubal-Violonchelo-Galeria-18.jpg\\&quot; class=\\&quot;gallery-link\\&quot; target=\\&quot;_blank\\&quot; data-elementor-open-lightbox=\\&quot;no\\&quot;&gt;&lt;div class=\\&quot;caption-wrap style-overlay overlay-slide\\&quot;&gt; &lt;div class=\\&quot;item-hover-bg\\&quot;&gt;&lt;\\\/div&gt; &lt;div class=\\&quot;item-caption-over\\&quot;&gt; &lt;h5 class=\\&quot;item-title\\&quot;&gt;Actuaci\\u00f3n en FestiUlloa (Lugo)&lt;\\\/h5&gt; &lt;div class=\\&quot;item-content\\&quot;&gt;&lt;\\\/div&gt; &lt;\\\/div&gt; &lt;div class=\\&quot;caption-head\\&quot;&gt;&lt;\\\/div&gt; &lt;div class=\\&quot;caption-category\\&quot;&gt;&lt;\\\/div&gt; &lt;\\\/div&gt;&lt;\\\/a&gt;&lt;\\\/div&gt; &lt;\\\/div&gt;&quot;,&quot;&lt;div class=\\&quot;gallery-item-wrap jkit-gcf-Cuarteto-Goyeneche-en-el-Festival-Grieg-de-Bergen-Noruega\\&quot;&gt; &lt;div class=\\&quot;grid-item\\&quot;&gt;&lt;div class=\\&quot;thumbnail-wrap\\&quot;&gt;&lt;img width=\\&quot;1328\\&quot; height=\\&quot;747\\&quot; src=\\&quot;https:\\\/\\\/blancarubal.com\\\/wp-content\\\/uploads\\\/2021\\\/07\\\/Blanca-Lopez-Rubal-Violonchelo-Galeria-4.jpg\\&quot; class=\\&quot;attachment-full size-full\\&quot; alt=\\&quot;Cuarteto Goyeneche en el Festival Grieg de Bergen (Noruega)\\&quot; url=\\&quot;https:\\\/\\\/blancarubal.com\\\/wp-content\\\/uploads\\\/2021\\\/07\\\/Blanca-Lopez-Rubal-Violonchelo-Galeria-4.jpg\\&quot; source=\\&quot;library\\&quot; srcset=\\&quot;https:\\\/\\\/blancarubal.com\\\/wp-content\\\/uploads\\\/2021\\\/07\\\/Blanca-Lopez-Rubal-Violonchelo-Galeria-4.jpg 1328w, https:\\\/\\\/blancarubal.com\\\/wp-content\\\/uploads\\\/2021\\\/07\\\/Blanca-Lopez-Rubal-Violonchelo-Galeria-4-300x169.jpg 300w, https:\\\/\\\/blancarubal.com\\\/wp-content\\\/uploads\\\/2021\\\/07\\\/Blanca-Lopez-Rubal-Violonchelo-Galeria-4-1024x576.jpg 1024w, https:\\\/\\\/blancarubal.com\\\/wp-content\\\/uploads\\\/2021\\\/07\\\/Blanca-Lopez-Rubal-Violonchelo-Galeria-4-768x432.jpg 768w\\&quot; sizes=\\&quot;(max-width: 1328px) 100vw, 1328px\\&quot; \\\/&gt;&lt;\\\/div&gt;&lt;a href=\\&quot;https:\\\/\\\/blancarubal.com\\\/wp-content\\\/uploads\\\/2021\\\/07\\\/Blanca-Lopez-Rubal-Violonchelo-Galeria-4.jpg)\\&quot; class=\\&quot;gallery-link\\&quot; target=\\&quot;_blank\\&quot; data-elementor-open-lightbox=\\&quot;no\\&quot;&gt;&lt;div class=\\&quot;caption-wrap style-overlay overlay-slide\\&quot;&gt; &lt;div class=\\&quot;item-hover-bg\\&quot;&gt;&lt;\\\/div&gt; &lt;div class=\\&quot;item-caption-over\\&quot;&gt; &lt;h5 class=\\&quot;item-title\\&quot;&gt;Cuarteto Goyeneche en el Festival Grieg de Bergen (Noruega)&lt;\\\/h5&gt; &lt;div class=\\&quot;item-content\\&quot;&gt;&lt;\\\/div&gt; &lt;\\\/div&gt; &lt;div class=\\&quot;caption-head\\&quot;&gt;&lt;\\\/div&gt; &lt;div class=\\&quot;caption-category\\&quot;&gt;&lt;\\\/div&gt; &lt;\\\/div&gt;&lt;\\\/a&gt;&lt;\\\/div&gt; &lt;\\\/div&gt;&quot;,&quot;&lt;div class=\\&quot;gallery-item-wrap jkit-gcf-Masterclass-en-el-Festival-Internacional-de-Violonchelo-Cfest-M\\u00e9xico\\&quot;&gt; &lt;div class=\\&quot;grid-item\\&quot;&gt;&lt;div class=\\&quot;thumbnail-wrap\\&quot;&gt;&lt;img width=\\&quot;1280\\&quot; height=\\&quot;853\\&quot; src=\\&quot;https:\\\/\\\/blancarubal.com\\\/wp-content\\\/uploads\\\/2021\\\/07\\\/Blanca-Lopez-Rubal-Violonchelo-Galeria-11.jpg\\&quot; class=\\&quot;attachment-full size-full\\&quot; alt=\\&quot;Masterclass en el Festival Internacional de Violonchelo Cfest (M\\u00e9xico)\\&quot; url=\\&quot;https:\\\/\\\/blancarubal.com\\\/wp-content\\\/uploads\\\/2021\\\/07\\\/Blanca-Lopez-Rubal-Violonchelo-Galeria-11.jpg\\&quot; source=\\&quot;library\\&quot; srcset=\\&quot;https:\\\/\\\/blancarubal.com\\\/wp-content\\\/uploads\\\/2021\\\/07\\\/Blanca-Lopez-Rubal-Violonchelo-Galeria-11.jpg 1280w, https:\\\/\\\/blancarubal.com\\\/wp-content\\\/uploads\\\/2021\\\/07\\\/Blanca-Lopez-Rubal-Violonchelo-Galeria-11-300x200.jpg 300w, https:\\\/\\\/blancarubal.com\\\/wp-content\\\/uploads\\\/2021\\\/07\\\/Blanca-Lopez-Rubal-Violonchelo-Galeria-11-1024x682.jpg 1024w, https:\\\/\\\/blancarubal.com\\\/wp-content\\\/uploads\\\/2021\\\/07\\\/Blanca-Lopez-Rubal-Violonchelo-Galeria-11-768x512.jpg 768w\\&quot; sizes=\\&quot;(max-width: 1280px) 100vw, 1280px\\&quot; \\\/&gt;&lt;\\\/div&gt;&lt;a href=\\&quot;https:\\\/\\\/blancarubal.com\\\/wp-content\\\/uploads\\\/2021\\\/07\\\/Blanca-Lopez-Rubal-Violonchelo-Galeria-11.jpg\\&quot; class=\\&quot;gallery-link\\&quot; target=\\&quot;_blank\\&quot; data-elementor-open-lightbox=\\&quot;no\\&quot;&gt;&lt;div class=\\&quot;caption-wrap style-overlay overlay-slide\\&quot;&gt; &lt;div class=\\&quot;item-hover-bg\\&quot;&gt;&lt;\\\/div&gt; &lt;div class=\\&quot;item-caption-over\\&quot;&gt; &lt;h5 class=\\&quot;item-title\\&quot;&gt;Masterclass en el Festival Internacional de Violonchelo Cfest (M\\u00e9xico)&lt;\\\/h5&gt; &lt;div class=\\&quot;item-content\\&quot;&gt;&lt;\\\/div&gt; &lt;\\\/div&gt; &lt;div class=\\&quot;caption-head\\&quot;&gt;&lt;\\\/div&gt; &lt;div class=\\&quot;caption-category\\&quot;&gt;&lt;\\\/div&gt; &lt;\\\/div&gt;&lt;\\\/a&gt;&lt;\\\/div&gt; &lt;\\\/div&gt;&quot;,&quot;&lt;div class=\\&quot;gallery-item-wrap jkit-gcf-Tarde-de-Ensayo\\&quot;&gt; &lt;div class=\\&quot;grid-item\\&quot;&gt;&lt;div class=\\&quot;thumbnail-wrap\\&quot;&gt;&lt;img width=\\&quot;1600\\&quot; height=\\&quot;1071\\&quot; src=\\&quot;https:\\\/\\\/blancarubal.com\\\/wp-content\\\/uploads\\\/2021\\\/07\\\/Blanca-Lopez-Rubal-Violonchelo-Galeria-2.jpg\\&quot; class=\\&quot;attachment-full size-full\\&quot; alt=\\&quot;Tarde de Ensayo\\&quot; url=\\&quot;https:\\\/\\\/blancarubal.com\\\/wp-content\\\/uploads\\\/2021\\\/07\\\/Blanca-Lopez-Rubal-Violonchelo-Galeria-2.jpg\\&quot; source=\\&quot;library\\&quot; srcset=\\&quot;https:\\\/\\\/blancarubal.com\\\/wp-content\\\/uploads\\\/2021\\\/07\\\/Blanca-Lopez-Rubal-Violonchelo-Galeria-2.jpg 1600w, https:\\\/\\\/blancarubal.com\\\/wp-content\\\/uploads\\\/2021\\\/07\\\/Blanca-Lopez-Rubal-Violonchelo-Galeria-2-300x201.jpg 300w, https:\\\/\\\/blancarubal.com\\\/wp-content\\\/uploads\\\/2021\\\/07\\\/Blanca-Lopez-Rubal-Violonchelo-Galeria-2-1024x685.jpg 1024w, https:\\\/\\\/blancarubal.com\\\/wp-content\\\/uploads\\\/2021\\\/07\\\/Blanca-Lopez-Rubal-Violonchelo-Galeria-2-768x514.jpg 768w, https:\\\/\\\/blancarubal.com\\\/wp-content\\\/uploads\\\/2021\\\/07\\\/Blanca-Lopez-Rubal-Violonchelo-Galeria-2-1536x1028.jpg 1536w\\&quot; sizes=\\&quot;(max-width: 1600px) 100vw, 1600px\\&quot; \\\/&gt;&lt;\\\/div&gt;&lt;a href=\\&quot;https:\\\/\\\/blancarubal.com\\\/wp-content\\\/uploads\\\/2021\\\/07\\\/Blanca-Lopez-Rubal-Violonchelo-Galeria-2.jpg\\&quot; class=\\&quot;gallery-link\\&quot; target=\\&quot;_blank\\&quot; data-elementor-open-lightbox=\\&quot;no\\&quot;&gt;&lt;div class=\\&quot;caption-wrap style-overlay overlay-slide\\&quot;&gt; &lt;div class=\\&quot;item-hover-bg\\&quot;&gt;&lt;\\\/div&gt; &lt;div class=\\&quot;item-caption-over\\&quot;&gt; &lt;h5 class=\\&quot;item-title\\&quot;&gt;Tarde de Ensayo&lt;\\\/h5&gt; &lt;div class=\\&quot;item-content\\&quot;&gt;&lt;\\\/div&gt; &lt;\\\/div&gt; &lt;div class=\\&quot;caption-head\\&quot;&gt;&lt;\\\/div&gt; &lt;div class=\\&quot;caption-category\\&quot;&gt;&lt;\\\/div&gt; &lt;\\\/div&gt;&lt;\\\/a&gt;&lt;\\\/div&gt; &lt;\\\/div&gt;&quot;,&quot;&lt;div class=\\&quot;gallery-item-wrap jkit-gcf-Recital-Clsico-para-Violonchelo\\&quot;&gt; &lt;div class=\\&quot;grid-item\\&quot;&gt;&lt;div class=\\&quot;thumbnail-wrap\\&quot;&gt;&lt;img width=\\&quot;719\\&quot; height=\\&quot;1024\\&quot; src=\\&quot;https:\\\/\\\/blancarubal.com\\\/wp-content\\\/uploads\\\/2021\\\/07\\\/Blanca-Lopez-Rubal-Violonchelo-Galeria-7.jpg\\&quot; class=\\&quot;attachment-full size-full\\&quot; alt=\\&quot;Recital Cl\\u00e1sico para Violonchelo\\&quot; url=\\&quot;https:\\\/\\\/blancarubal.com\\\/wp-content\\\/uploads\\\/2021\\\/07\\\/Blanca-Lopez-Rubal-Violonchelo-Galeria-7.jpg\\&quot; source=\\&quot;library\\&quot; srcset=\\&quot;https:\\\/\\\/blancarubal.com\\\/wp-content\\\/uploads\\\/2021\\\/07\\\/Blanca-Lopez-Rubal-Violonchelo-Galeria-7.jpg 719w, https:\\\/\\\/blancarubal.com\\\/wp-content\\\/uploads\\\/2021\\\/07\\\/Blanca-Lopez-Rubal-Violonchelo-Galeria-7-211x300.jpg 211w\\&quot; sizes=\\&quot;(max-width: 719px) 100vw, 719px\\&quot; \\\/&gt;&lt;\\\/div&gt;&lt;a href=\\&quot;https:\\\/\\\/blancarubal.com\\\/wp-content\\\/uploads\\\/2021\\\/07\\\/Blanca-Lopez-Rubal-Violonchelo-Galeria-7.jpg\\&quot; class=\\&quot;gallery-link\\&quot; target=\\&quot;_blank\\&quot; data-elementor-open-lightbox=\\&quot;no\\&quot;&gt;&lt;div class=\\&quot;caption-wrap style-overlay overlay-slide\\&quot;&gt; &lt;div class=\\&quot;item-hover-bg\\&quot;&gt;&lt;\\\/div&gt; &lt;div class=\\&quot;item-caption-over\\&quot;&gt; &lt;h5 class=\\&quot;item-title\\&quot;&gt;Recital Cl\\u00e1sico para Violonchelo&lt;\\\/h5&gt; &lt;div class=\\&quot;item-content\\&quot;&gt;&lt;\\\/div&gt; &lt;\\\/div&gt; &lt;div class=\\&quot;caption-head\\&quot;&gt;&lt;\\\/div&gt; &lt;div class=\\&quot;caption-category\\&quot;&gt;&lt;\\\/div&gt; &lt;\\\/div&gt;&lt;\\\/a&gt;&lt;\\\/div&gt; &lt;\\\/div&gt;&quot;,&quot;&lt;div class=\\&quot;gallery-item-wrap jkit-gcf-Recital-Clsico-Para-Violonchelo\\&quot;&gt; &lt;div class=\\&quot;grid-item\\&quot;&gt;&lt;div class=\\&quot;thumbnail-wrap\\&quot;&gt;&lt;img width=\\&quot;1200\\&quot; height=\\&quot;1600\\&quot; src=\\&quot;https:\\\/\\\/blancarubal.com\\\/wp-content\\\/uploads\\\/2021\\\/07\\\/Blanca-Lopez-Rubal-Violonchelo-Galeria-8.jpg\\&quot; class=\\&quot;attachment-full size-full\\&quot; alt=\\&quot;Recital Cl\\u00e1sico Para Violonchelo\\&quot; url=\\&quot;https:\\\/\\\/blancarubal.com\\\/wp-content\\\/uploads\\\/2021\\\/07\\\/Blanca-Lopez-Rubal-Violonchelo-Galeria-8.jpg\\&quot; source=\\&quot;library\\&quot; srcset=\\&quot;https:\\\/\\\/blancarubal.com\\\/wp-content\\\/uploads\\\/2021\\\/07\\\/Blanca-Lopez-Rubal-Violonchelo-Galeria-8.jpg 1200w, https:\\\/\\\/blancarubal.com\\\/wp-content\\\/uploads\\\/2021\\\/07\\\/Blanca-Lopez-Rubal-Violonchelo-Galeria-8-225x300.jpg 225w, https:\\\/\\\/blancarubal.com\\\/wp-content\\\/uploads\\\/2021\\\/07\\\/Blanca-Lopez-Rubal-Violonchelo-Galeria-8-768x1024.jpg 768w, https:\\\/\\\/blancarubal.com\\\/wp-content\\\/uploads\\\/2021\\\/07\\\/Blanca-Lopez-Rubal-Violonchelo-Galeria-8-1152x1536.jpg 1152w\\&quot; sizes=\\&quot;(max-width: 1200px) 100vw, 1200px\\&quot; \\\/&gt;&lt;\\\/div&gt;&lt;a href=\\&quot;https:\\\/\\\/blancarubal.com\\\/wp-content\\\/uploads\\\/2021\\\/07\\\/Blanca-Lopez-Rubal-Violonchelo-Galeria-8.jpg\\&quot; class=\\&quot;gallery-link\\&quot; target=\\&quot;_blank\\&quot; data-elementor-open-lightbox=\\&quot;no\\&quot;&gt;&lt;div class=\\&quot;caption-wrap style-overlay overlay-slide\\&quot;&gt; &lt;div class=\\&quot;item-hover-bg\\&quot;&gt;&lt;\\\/div&gt; &lt;div class=\\&quot;item-caption-over\\&quot;&gt; &lt;h5 class=\\&quot;item-title\\&quot;&gt;Recital Cl\\u00e1sico Para Violonchelo&lt;\\\/h5&gt; &lt;div class=\\&quot;item-content\\&quot;&gt;&lt;\\\/div&gt; &lt;\\\/div&gt; &lt;div class=\\&quot;caption-head\\&quot;&gt;&lt;\\\/div&gt; &lt;div class=\\&quot;caption-category\\&quot;&gt;&lt;\\\/div&gt; &lt;\\\/div&gt;&lt;\\\/a&gt;&lt;\\\/div&gt; &lt;\\\/div&gt;&quot;,&quot;&lt;div class=\\&quot;gallery-item-wrap jkit-gcf-En-FestiUlloa-con-Goyeneche-Quartet-Tango-Argentino\\&quot;&gt; &lt;div class=\\&quot;grid-item\\&quot;&gt;&lt;div class=\\&quot;thumbnail-wrap\\&quot;&gt;&lt;img width=\\&quot;1600\\&quot; height=\\&quot;1071\\&quot; src=\\&quot;https:\\\/\\\/blancarubal.com\\\/wp-content\\\/uploads\\\/2021\\\/07\\\/Blanca-Lopez-Rubal-Violonchelo-Galeria-3.jpg\\&quot; class=\\&quot;attachment-full size-full\\&quot; alt=\\&quot;En FestiUlloa con Goyeneche Quartet (Tango Argentino)Goyeneche Quartet (Tango Argentino)\\&quot; url=\\&quot;https:\\\/\\\/blancarubal.com\\\/wp-content\\\/uploads\\\/2021\\\/07\\\/Blanca-Lopez-Rubal-Violonchelo-Galeria-3.jpg\\&quot; source=\\&quot;library\\&quot; srcset=\\&quot;https:\\\/\\\/blancarubal.com\\\/wp-content\\\/uploads\\\/2021\\\/07\\\/Blanca-Lopez-Rubal-Violonchelo-Galeria-3.jpg 1600w, https:\\\/\\\/blancarubal.com\\\/wp-content\\\/uploads\\\/2021\\\/07\\\/Blanca-Lopez-Rubal-Violonchelo-Galeria-3-300x201.jpg 300w, https:\\\/\\\/blancarubal.com\\\/wp-content\\\/uploads\\\/2021\\\/07\\\/Blanca-Lopez-Rubal-Violonchelo-Galeria-3-1024x685.jpg 1024w, https:\\\/\\\/blancarubal.com\\\/wp-content\\\/uploads\\\/2021\\\/07\\\/Blanca-Lopez-Rubal-Violonchelo-Galeria-3-768x514.jpg 768w, https:\\\/\\\/blancarubal.com\\\/wp-content\\\/uploads\\\/2021\\\/07\\\/Blanca-Lopez-Rubal-Violonchelo-Galeria-3-1536x1028.jpg 1536w\\&quot; sizes=\\&quot;(max-width: 1600px) 100vw, 1600px\\&quot; \\\/&gt;&lt;\\\/div&gt;&lt;a href=\\&quot;https:\\\/\\\/blancarubal.com\\\/wp-content\\\/uploads\\\/2021\\\/07\\\/Blanca-Lopez-Rubal-Violonchelo-Galeria-3.jpg\\&quot; class=\\&quot;gallery-link\\&quot; target=\\&quot;_blank\\&quot; data-elementor-open-lightbox=\\&quot;no\\&quot;&gt;&lt;div class=\\&quot;caption-wrap style-overlay overlay-slide\\&quot;&gt; &lt;div class=\\&quot;item-hover-bg\\&quot;&gt;&lt;\\\/div&gt; &lt;div class=\\&quot;item-caption-over\\&quot;&gt; &lt;h5 class=\\&quot;item-title\\&quot;&gt;En FestiUlloa con Goyeneche Quartet (Tango Argentino)Goyeneche Quartet (Tango Argentino)&lt;\\\/h5&gt; &lt;div class=\\&quot;item-content\\&quot;&gt;&lt;\\\/div&gt; &lt;\\\/div&gt; &lt;div class=\\&quot;caption-head\\&quot;&gt;&lt;\\\/div&gt; &lt;div class=\\&quot;caption-category\\&quot;&gt;&lt;\\\/div&gt; &lt;\\\/div&gt;&lt;\\\/a&gt;&lt;\\\/div&gt; &lt;\\\/div&gt;&quot;,&quot;&lt;div class=\\&quot;gallery-item-wrap jkit-gcf-Goyeneche-Quartet-Tango-Argentino\\&quot;&gt; &lt;div class=\\&quot;grid-item\\&quot;&gt;&lt;div class=\\&quot;thumbnail-wrap\\&quot;&gt;&lt;img width=\\&quot;800\\&quot; height=\\&quot;534\\&quot; src=\\&quot;https:\\\/\\\/blancarubal.com\\\/wp-content\\\/uploads\\\/2021\\\/07\\\/Goyeneche-Quartet-con-Blanca-Lopez-Rubal-al-Violonchelo.jpg\\&quot; class=\\&quot;attachment-full size-full\\&quot; alt=\\&quot;Goyeneche Quartet (Tango Argentino)\\&quot; url=\\&quot;https:\\\/\\\/blancarubal.com\\\/wp-content\\\/uploads\\\/2021\\\/07\\\/Goyeneche-Quartet-con-Blanca-Lopez-Rubal-al-Violonchelo.jpg\\&quot; source=\\&quot;library\\&quot; srcset=\\&quot;https:\\\/\\\/blancarubal.com\\\/wp-content\\\/uploads\\\/2021\\\/07\\\/Goyeneche-Quartet-con-Blanca-Lopez-Rubal-al-Violonchelo.jpg 800w, https:\\\/\\\/blancarubal.com\\\/wp-content\\\/uploads\\\/2021\\\/07\\\/Goyeneche-Quartet-con-Blanca-Lopez-Rubal-al-Violonchelo-300x200.jpg 300w, https:\\\/\\\/blancarubal.com\\\/wp-content\\\/uploads\\\/2021\\\/07\\\/Goyeneche-Quartet-con-Blanca-Lopez-Rubal-al-Violonchelo-768x513.jpg 768w\\&quot; sizes=\\&quot;(max-width: 800px) 100vw, 800px\\&quot; \\\/&gt;&lt;\\\/div&gt;&lt;a href=\\&quot;https:\\\/\\\/blancarubal.com\\\/wp-content\\\/uploads\\\/2021\\\/07\\\/Goyeneche-Quartet-con-Blanca-Lopez-Rubal-al-Violonchelo.jpg\\&quot; class=\\&quot;gallery-link\\&quot; target=\\&quot;_blank\\&quot; data-elementor-open-lightbox=\\&quot;no\\&quot;&gt;&lt;div class=\\&quot;caption-wrap style-overlay overlay-slide\\&quot;&gt; &lt;div class=\\&quot;item-hover-bg\\&quot;&gt;&lt;\\\/div&gt; &lt;div class=\\&quot;item-caption-over\\&quot;&gt; &lt;h5 class=\\&quot;item-title\\&quot;&gt;Goyeneche Quartet (Tango Argentino)&lt;\\\/h5&gt; &lt;div class=\\&quot;item-content\\&quot;&gt;&lt;\\\/div&gt; &lt;\\\/div&gt; &lt;div class=\\&quot;caption-head\\&quot;&gt;&lt;\\\/div&gt; &lt;div class=\\&quot;caption-category\\&quot;&gt;&lt;\\\/div&gt; &lt;\\\/div&gt;&lt;\\\/a&gt;&lt;\\\/div&gt; &lt;\\\/div&gt;&quot;,&quot;&lt;div class=\\&quot;gallery-item-wrap jkit-gcf-Recital-Clsico-en-Alcal-de-Henares\\&quot;&gt; &lt;div class=\\&quot;grid-item\\&quot;&gt;&lt;div class=\\&quot;thumbnail-wrap\\&quot;&gt;&lt;img width=\\&quot;800\\&quot; height=\\&quot;862\\&quot; src=\\&quot;https:\\\/\\\/blancarubal.com\\\/wp-content\\\/uploads\\\/2021\\\/07\\\/Blanca-Lopez-Rubal-Violonchelista-en-Alcala-de-Henares.jpg\\&quot; class=\\&quot;attachment-full size-full\\&quot; alt=\\&quot;Recital Cl\\u00e1sico en Alcal\\u00e1 de Henares\\&quot; url=\\&quot;https:\\\/\\\/blancarubal.com\\\/wp-content\\\/uploads\\\/2021\\\/07\\\/Blanca-Lopez-Rubal-Violonchelista-en-Alcala-de-Henares.jpg\\&quot; source=\\&quot;library\\&quot; srcset=\\&quot;https:\\\/\\\/blancarubal.com\\\/wp-content\\\/uploads\\\/2021\\\/07\\\/Blanca-Lopez-Rubal-Violonchelista-en-Alcala-de-Henares.jpg 800w, https:\\\/\\\/blancarubal.com\\\/wp-content\\\/uploads\\\/2021\\\/07\\\/Blanca-Lopez-Rubal-Violonchelista-en-Alcala-de-Henares-278x300.jpg 278w, https:\\\/\\\/blancarubal.com\\\/wp-content\\\/uploads\\\/2021\\\/07\\\/Blanca-Lopez-Rubal-Violonchelista-en-Alcala-de-Henares-768x828.jpg 768w\\&quot; sizes=\\&quot;(max-width: 800px) 100vw, 800px\\&quot; \\\/&gt;&lt;\\\/div&gt;&lt;a href=\\&quot;https:\\\/\\\/blancarubal.com\\\/wp-content\\\/uploads\\\/2021\\\/07\\\/Blanca-Lopez-Rubal-Violonchelista-en-Alcala-de-Henares.jpg\\&quot; class=\\&quot;gallery-link\\&quot; target=\\&quot;_blank\\&quot; data-elementor-open-lightbox=\\&quot;no\\&quot;&gt;&lt;div class=\\&quot;caption-wrap style-overlay overlay-slide\\&quot;&gt; &lt;div class=\\&quot;item-hover-bg\\&quot;&gt;&lt;\\\/div&gt; &lt;div class=\\&quot;item-caption-over\\&quot;&gt; &lt;h5 class=\\&quot;item-title\\&quot;&gt;Recital Cl\\u00e1sico en Alcal\\u00e1 de Henares&lt;\\\/h5&gt; &lt;div class=\\&quot;item-content\\&quot;&gt;&lt;\\\/div&gt; &lt;\\\/div&gt; &lt;div class=\\&quot;caption-head\\&quot;&gt;&lt;\\\/div&gt; &lt;div class=\\&quot;caption-category\\&quot;&gt;&lt;\\\/div&gt; &lt;\\\/div&gt;&lt;\\\/a&gt;&lt;\\\/div&gt; &lt;\\\/div&gt;&quot;,&quot;&lt;div class=\\&quot;gallery-item-wrap jkit-gcf-Con-Wolfgang-Schnabl jkit-gcf-luthier-del-violoncello-de-Blanca-Rubal\\&quot;&gt; &lt;div class=\\&quot;grid-item\\&quot;&gt;&lt;div class=\\&quot;thumbnail-wrap\\&quot;&gt;&lt;img width=\\&quot;1600\\&quot; height=\\&quot;1200\\&quot; src=\\&quot;https:\\\/\\\/blancarubal.com\\\/wp-content\\\/uploads\\\/2021\\\/07\\\/Blanca-Lopez-Rubal-Violonchelo-Galeria-1.jpg\\&quot; class=\\&quot;attachment-full size-full\\&quot; alt=\\&quot;Con Wolfgang Schnabl, luthier del violoncello de Blanca Rubal\\&quot; url=\\&quot;https:\\\/\\\/blancarubal.com\\\/wp-content\\\/uploads\\\/2021\\\/07\\\/Blanca-Lopez-Rubal-Violonchelo-Galeria-1.jpg\\&quot; source=\\&quot;library\\&quot; srcset=\\&quot;https:\\\/\\\/blancarubal.com\\\/wp-content\\\/uploads\\\/2021\\\/07\\\/Blanca-Lopez-Rubal-Violonchelo-Galeria-1.jpg 1600w, https:\\\/\\\/blancarubal.com\\\/wp-content\\\/uploads\\\/2021\\\/07\\\/Blanca-Lopez-Rubal-Violonchelo-Galeria-1-300x225.jpg 300w, https:\\\/\\\/blancarubal.com\\\/wp-content\\\/uploads\\\/2021\\\/07\\\/Blanca-Lopez-Rubal-Violonchelo-Galeria-1-1024x768.jpg 1024w, https:\\\/\\\/blancarubal.com\\\/wp-content\\\/uploads\\\/2021\\\/07\\\/Blanca-Lopez-Rubal-Violonchelo-Galeria-1-768x576.jpg 768w, https:\\\/\\\/blancarubal.com\\\/wp-content\\\/uploads\\\/2021\\\/07\\\/Blanca-Lopez-Rubal-Violonchelo-Galeria-1-1536x1152.jpg 1536w\\&quot; sizes=\\&quot;(max-width: 1600px) 100vw, 1600px\\&quot; \\\/&gt;&lt;\\\/div&gt;&lt;a href=\\&quot;https:\\\/\\\/blancarubal.com\\\/wp-content\\\/uploads\\\/2021\\\/07\\\/Blanca-Lopez-Rubal-Violonchelo-Galeria-1.jpg\\&quot; class=\\&quot;gallery-link\\&quot; target=\\&quot;_blank\\&quot; data-elementor-open-lightbox=\\&quot;no\\&quot;&gt;&lt;div class=\\&quot;caption-wrap style-overlay overlay-slide\\&quot;&gt; &lt;div class=\\&quot;item-hover-bg\\&quot;&gt;&lt;\\\/div&gt; &lt;div class=\\&quot;item-caption-over\\&quot;&gt; &lt;h5 class=\\&quot;item-title\\&quot;&gt;Con Wolfgang Schnabl, luthier del violoncello de Blanca Rubal&lt;\\\/h5&gt; &lt;div class=\\&quot;item-content\\&quot;&gt;&lt;\\\/div&gt; &lt;\\\/div&gt; &lt;div class=\\&quot;caption-head\\&quot;&gt;&lt;\\\/div&gt; &lt;div class=\\&quot;caption-category\\&quot;&gt;&lt;\\\/div&gt; &lt;\\\/div&gt;&lt;\\\/a&gt;&lt;\\\/div&gt; &lt;\\\/div&gt;&quot;,&quot;&lt;div class=\\&quot;gallery-item-wrap jkit-gcf-Concierto-en-el-Club-Matador-Madrid\\&quot;&gt; &lt;div class=\\&quot;grid-item\\&quot;&gt;&lt;div class=\\&quot;thumbnail-wrap\\&quot;&gt;&lt;img width=\\&quot;1200\\&quot; height=\\&quot;1600\\&quot; src=\\&quot;https:\\\/\\\/blancarubal.com\\\/wp-content\\\/uploads\\\/2021\\\/09\\\/Antes-de-un-concierto-en-el-Club-Matador.jpg\\&quot; class=\\&quot;attachment-full size-full\\&quot; alt=\\&quot;Concierto en el Club Matador (Madrid)\\&quot; url=\\&quot;https:\\\/\\\/blancarubal.com\\\/wp-content\\\/uploads\\\/2021\\\/09\\\/Antes-de-un-concierto-en-el-Club-Matador.jpg\\&quot; source=\\&quot;library\\&quot; srcset=\\&quot;https:\\\/\\\/blancarubal.com\\\/wp-content\\\/uploads\\\/2021\\\/09\\\/Antes-de-un-concierto-en-el-Club-Matador.jpg 1200w, https:\\\/\\\/blancarubal.com\\\/wp-content\\\/uploads\\\/2021\\\/09\\\/Antes-de-un-concierto-en-el-Club-Matador-225x300.jpg 225w, https:\\\/\\\/blancarubal.com\\\/wp-content\\\/uploads\\\/2021\\\/09\\\/Antes-de-un-concierto-en-el-Club-Matador-768x1024.jpg 768w, https:\\\/\\\/blancarubal.com\\\/wp-content\\\/uploads\\\/2021\\\/09\\\/Antes-de-un-concierto-en-el-Club-Matador-1152x1536.jpg 1152w\\&quot; sizes=\\&quot;(max-width: 1200px) 100vw, 1200px\\&quot; \\\/&gt;&lt;\\\/div&gt;&lt;a href=\\&quot;https:\\\/\\\/blancarubal.com\\\/wp-content\\\/uploads\\\/2021\\\/09\\\/Antes-de-un-concierto-en-el-Club-Matador.jpg%20(4)\\&quot; class=\\&quot;gallery-link\\&quot; target=\\&quot;_blank\\&quot; data-elementor-open-lightbox=\\&quot;no\\&quot;&gt;&lt;div class=\\&quot;caption-wrap style-overlay overlay-slide\\&quot;&gt; &lt;div class=\\&quot;item-hover-bg\\&quot;&gt;&lt;\\\/div&gt; &lt;div class=\\&quot;item-caption-over\\&quot;&gt; &lt;h5 class=\\&quot;item-title\\&quot;&gt;Concierto en el Club Matador (Madrid)&lt;\\\/h5&gt; &lt;div class=\\&quot;item-content\\&quot;&gt;&lt;\\\/div&gt; &lt;\\\/div&gt; &lt;div class=\\&quot;caption-head\\&quot;&gt;&lt;\\\/div&gt; &lt;div class=\\&quot;caption-category\\&quot;&gt;&lt;\\\/div&gt; &lt;\\\/div&gt;&lt;\\\/a&gt;&lt;\\\/div&gt; &lt;\\\/div&gt;&quot;,&quot;&lt;div class=\\&quot;gallery-item-wrap jkit-gcf-En-\\u00c1msterdam-Academia-de-M\\u00fasica-de-los-Pa\\u00edses-Bajos\\&quot;&gt; &lt;div class=\\&quot;grid-item\\&quot;&gt;&lt;div class=\\&quot;thumbnail-wrap\\&quot;&gt;&lt;img width=\\&quot;200\\&quot; height=\\&quot;200\\&quot; src=\\&quot;https:\\\/\\\/blancarubal.com\\\/wp-content\\\/uploads\\\/2021\\\/07\\\/Blanca-Lopez-Rubal-Violonchelo-Galeria-14.jpg\\&quot; class=\\&quot;attachment-full size-full\\&quot; alt=\\&quot;En \\u00c1msterdam (Academia de M\\u00fasica de los Pa\\u00edses Bajos)\\&quot; url=\\&quot;https:\\\/\\\/blancarubal.com\\\/wp-content\\\/uploads\\\/2021\\\/07\\\/Blanca-Lopez-Rubal-Violonchelo-Galeria-14.jpg\\&quot; source=\\&quot;library\\&quot; srcset=\\&quot;https:\\\/\\\/blancarubal.com\\\/wp-content\\\/uploads\\\/2021\\\/07\\\/Blanca-Lopez-Rubal-Violonchelo-Galeria-14.jpg 200w, https:\\\/\\\/blancarubal.com\\\/wp-content\\\/uploads\\\/2021\\\/07\\\/Blanca-Lopez-Rubal-Violonchelo-Galeria-14-150x150.jpg 150w\\&quot; sizes=\\&quot;(max-width: 200px) 100vw, 200px\\&quot; \\\/&gt;&lt;\\\/div&gt;&lt;a href=\\&quot;https:\\\/\\\/blancarubal.com\\\/wp-content\\\/uploads\\\/2021\\\/07\\\/Blanca-Lopez-Rubal-Violonchelo-Galeria-14.jpg\\&quot; class=\\&quot;gallery-link\\&quot; target=\\&quot;_blank\\&quot; data-elementor-open-lightbox=\\&quot;no\\&quot;&gt;&lt;div class=\\&quot;caption-wrap style-overlay overlay-slide\\&quot;&gt; &lt;div class=\\&quot;item-hover-bg\\&quot;&gt;&lt;\\\/div&gt; &lt;div class=\\&quot;item-caption-over\\&quot;&gt; &lt;h5 class=\\&quot;item-title\\&quot;&gt;En \\u00c1msterdam (Academia de M\\u00fasica de los Pa\\u00edses Bajos)&lt;\\\/h5&gt; &lt;div class=\\&quot;item-content\\&quot;&gt;&lt;\\\/div&gt; &lt;\\\/div&gt; &lt;div class=\\&quot;caption-head\\&quot;&gt;&lt;\\\/div&gt; &lt;div class=\\&quot;caption-category\\&quot;&gt;&lt;\\\/div&gt; &lt;\\\/div&gt;&lt;\\\/a&gt;&lt;\\\/div&gt; &lt;\\\/div&gt;&quot;,&quot;&lt;div class=\\&quot;gallery-item-wrap jkit-gcf-Blanca-Rubal-Violonchelo--Antonia-Valente-piano-en-el-Olivar-de-Castillejo\\&quot;&gt; &lt;div class=\\&quot;grid-item\\&quot;&gt;&lt;div class=\\&quot;thumbnail-wrap\\&quot;&gt;&lt;img width=\\&quot;1600\\&quot; height=\\&quot;1200\\&quot; src=\\&quot;https:\\\/\\\/blancarubal.com\\\/wp-content\\\/uploads\\\/2021\\\/09\\\/Con-Antonia-Valente-en-el-Olivar-de-Castillejo.jpg\\&quot; class=\\&quot;attachment-full size-full\\&quot; alt=\\&quot;Blanca Rubal (Violonchelo) &amp;amp; Antonia Valente (piano) en el Olivar de Castillejo\\&quot; url=\\&quot;https:\\\/\\\/blancarubal.com\\\/wp-content\\\/uploads\\\/2021\\\/09\\\/Con-Antonia-Valente-en-el-Olivar-de-Castillejo.jpg\\&quot; source=\\&quot;library\\&quot; srcset=\\&quot;https:\\\/\\\/blancarubal.com\\\/wp-content\\\/uploads\\\/2021\\\/09\\\/Con-Antonia-Valente-en-el-Olivar-de-Castillejo.jpg 1600w, https:\\\/\\\/blancarubal.com\\\/wp-content\\\/uploads\\\/2021\\\/09\\\/Con-Antonia-Valente-en-el-Olivar-de-Castillejo-300x225.jpg 300w, https:\\\/\\\/blancarubal.com\\\/wp-content\\\/uploads\\\/2021\\\/09\\\/Con-Antonia-Valente-en-el-Olivar-de-Castillejo-1024x768.jpg 1024w, https:\\\/\\\/blancarubal.com\\\/wp-content\\\/uploads\\\/2021\\\/09\\\/Con-Antonia-Valente-en-el-Olivar-de-Castillejo-768x576.jpg 768w, https:\\\/\\\/blancarubal.com\\\/wp-content\\\/uploads\\\/2021\\\/09\\\/Con-Antonia-Valente-en-el-Olivar-de-Castillejo-1536x1152.jpg 1536w\\&quot; sizes=\\&quot;(max-width: 1600px) 100vw, 1600px\\&quot; \\\/&gt;&lt;\\\/div&gt;&lt;a href=\\&quot;https:\\\/\\\/blancarubal.com\\\/wp-content\\\/uploads\\\/2021\\\/09\\\/Con-Antonia-Valente-en-el-Olivar-de-Castillejo.jpg\\&quot; class=\\&quot;gallery-link\\&quot; target=\\&quot;_blank\\&quot; data-elementor-open-lightbox=\\&quot;no\\&quot;&gt;&lt;div class=\\&quot;caption-wrap style-overlay overlay-slide\\&quot;&gt; &lt;div class=\\&quot;item-hover-bg\\&quot;&gt;&lt;\\\/div&gt; &lt;div class=\\&quot;item-caption-over\\&quot;&gt; &lt;h5 class=\\&quot;item-title\\&quot;&gt;Blanca Rubal (Violonchelo) &amp;amp; Antonia Valente (piano) en el Olivar de Castillejo&lt;\\\/h5&gt; &lt;div class=\\&quot;item-content\\&quot;&gt;&lt;\\\/div&gt; &lt;\\\/div&gt; &lt;div class=\\&quot;caption-head\\&quot;&gt;&lt;\\\/div&gt; &lt;div class=\\&quot;caption-category\\&quot;&gt;&lt;\\\/div&gt; &lt;\\\/div&gt;&lt;\\\/a&gt;&lt;\\\/div&gt; &lt;\\\/div&gt;&quot;]\">\n            <div class=\"gallery-items\"><div class=\"gallery-item-wrap jkit-gcf-Con-el-Sexteto-de-Mariel-Mart&iacute;nez-y-Fabin-Carbone\"> <div class=\"grid-item\"><div class=\"thumbnail-wrap\"><img fetchpriority=\"high\" decoding=\"async\" width=\"1024\" height=\"770\" src=\"https:\/\/blancarubal.com\/wp-content\/uploads\/2021\/07\/Blanca-Lopez-Rubal-Violonchelo-Galeria-26.jpg\" class=\"attachment-full size-full\" alt=\"Con el Sexteto de Mariel Mart\u00ednez y Fabi\u00e1n Carbone\" url=\"https:\/\/blancarubal.com\/wp-content\/uploads\/2021\/07\/Blanca-Lopez-Rubal-Violonchelo-Galeria-26.jpg\" source=\"library\" srcset=\"https:\/\/blancarubal.com\/wp-content\/uploads\/2021\/07\/Blanca-Lopez-Rubal-Violonchelo-Galeria-26.jpg 1024w, https:\/\/blancarubal.com\/wp-content\/uploads\/2021\/07\/Blanca-Lopez-Rubal-Violonchelo-Galeria-26-300x226.jpg 300w, https:\/\/blancarubal.com\/wp-content\/uploads\/2021\/07\/Blanca-Lopez-Rubal-Violonchelo-Galeria-26-768x578.jpg 768w\" sizes=\"(max-width: 1024px) 100vw, 1024px\" \/><\/div><a href=\"https:\/\/blancarubal.com\/wp-content\/uploads\/2021\/07\/Blanca-Lopez-Rubal-Violonchelo-Galeria-26.jpg\" class=\"gallery-link\" target=\"_blank\" data-elementor-open-lightbox=\"no\"><div class=\"caption-wrap style-overlay overlay-slide\"> <div class=\"item-hover-bg\"><\/div> <div class=\"item-caption-over\"> <h5 class=\"item-title\">With the Sextet of Mariel Martinez and Fabi\u00e1n Carbone<\/h5> <div class=\"item-content\"><\/div> <\/div> <div class=\"caption-head\"><\/div> <div class=\"caption-category\"><\/div> <\/div><\/a><\/div> <\/div><div class=\"gallery-item-wrap jkit-gcf-Goyeneche-Quartet-en-el-Teatro-Off-La-Latina-Madrid\"> <div class=\"grid-item\"><div class=\"thumbnail-wrap\"><img decoding=\"async\" width=\"1600\" height=\"1200\" src=\"https:\/\/blancarubal.com\/wp-content\/uploads\/2021\/07\/Blanca-Lopez-Rubal-Violonchelo-Galeria-25.jpg\" class=\"attachment-full size-full\" alt=\"Goyeneche Quartet en el Teatro Off La Latina (Madrid)\" url=\"https:\/\/blancarubal.com\/wp-content\/uploads\/2021\/07\/Blanca-Lopez-Rubal-Violonchelo-Galeria-25.jpg\" source=\"library\" srcset=\"https:\/\/blancarubal.com\/wp-content\/uploads\/2021\/07\/Blanca-Lopez-Rubal-Violonchelo-Galeria-25.jpg 1600w, https:\/\/blancarubal.com\/wp-content\/uploads\/2021\/07\/Blanca-Lopez-Rubal-Violonchelo-Galeria-25-300x225.jpg 300w, https:\/\/blancarubal.com\/wp-content\/uploads\/2021\/07\/Blanca-Lopez-Rubal-Violonchelo-Galeria-25-1024x768.jpg 1024w, https:\/\/blancarubal.com\/wp-content\/uploads\/2021\/07\/Blanca-Lopez-Rubal-Violonchelo-Galeria-25-768x576.jpg 768w, https:\/\/blancarubal.com\/wp-content\/uploads\/2021\/07\/Blanca-Lopez-Rubal-Violonchelo-Galeria-25-1536x1152.jpg 1536w\" sizes=\"(max-width: 1600px) 100vw, 1600px\" \/><\/div><a href=\"https:\/\/blancarubal.com\/wp-content\/uploads\/2021\/07\/Blanca-Lopez-Rubal-Violonchelo-Galeria-25.jpg\" class=\"gallery-link\" target=\"_blank\" data-elementor-open-lightbox=\"no\"><div class=\"caption-wrap style-overlay overlay-slide\"> <div class=\"item-hover-bg\"><\/div> <div class=\"item-caption-over\"> <h5 class=\"item-title\">Goyeneche Quartet at the Theatre Off La Latina (Madrid)<\/h5> <div class=\"item-content\"><\/div> <\/div> <div class=\"caption-head\"><\/div> <div class=\"caption-category\"><\/div> <\/div><\/a><\/div> <\/div><div class=\"gallery-item-wrap jkit-gcf-DIGITAL-21-+-STEFAN-OLSDAL\"> <div class=\"grid-item\"><div class=\"thumbnail-wrap\"><img decoding=\"async\" width=\"1366\" height=\"768\" src=\"https:\/\/blancarubal.com\/wp-content\/uploads\/2021\/09\/Digital-21-Blanca-Rubal.jpg\" class=\"attachment-full size-full\" alt=\"Stefan Olsdal + Digital 21 (Live)\" url=\"https:\/\/blancarubal.com\/wp-content\/uploads\/2021\/09\/Digital-21-Blanca-Rubal.jpg\" source=\"library\" srcset=\"https:\/\/blancarubal.com\/wp-content\/uploads\/2021\/09\/Digital-21-Blanca-Rubal.jpg 1366w, https:\/\/blancarubal.com\/wp-content\/uploads\/2021\/09\/Digital-21-Blanca-Rubal-300x169.jpg 300w, https:\/\/blancarubal.com\/wp-content\/uploads\/2021\/09\/Digital-21-Blanca-Rubal-1024x576.jpg 1024w, https:\/\/blancarubal.com\/wp-content\/uploads\/2021\/09\/Digital-21-Blanca-Rubal-768x432.jpg 768w\" sizes=\"(max-width: 1366px) 100vw, 1366px\" \/><\/div><a href=\"https:\/\/blancarubal.com\/wp-content\/uploads\/2021\/09\/Digital-21-Blanca-Rubal.jpg\" class=\"gallery-link\" target=\"_blank\" data-elementor-open-lightbox=\"no\"><div class=\"caption-wrap style-overlay overlay-slide\"> <div class=\"item-hover-bg\"><\/div> <div class=\"item-caption-over\"> <h5 class=\"item-title\">Stefan Olsdal + Digital 21 (Live)<\/h5> <div class=\"item-content\"><\/div> <\/div> <div class=\"caption-head\"><\/div> <div class=\"caption-category\"><\/div> <\/div><\/a><\/div> <\/div><div class=\"gallery-item-wrap jkit-gcf-Grabaci&oacute;n-del-lbum-Flamenco-y-Clsico-de-Jos&eacute;-Lu&iacute;s-Mont&oacute;n\"> <div class=\"grid-item\"><div class=\"thumbnail-wrap\"><img loading=\"lazy\" decoding=\"async\" width=\"1366\" height=\"768\" src=\"https:\/\/blancarubal.com\/wp-content\/uploads\/2021\/07\/Sheila-Blanco-Jose-Luis-Monton-con-Blanca-Rubal.jpg\" class=\"attachment-full size-full\" alt=\"Grabaci\u00f3n del \u00e1lbum &quot;Flamenco y Cl\u00e1sico&quot; de Jos\u00e9 Lu\u00eds Mont\u00f3n\" url=\"https:\/\/blancarubal.com\/wp-content\/uploads\/2021\/07\/Sheila-Blanco-Jose-Luis-Monton-con-Blanca-Rubal.jpg\" source=\"library\" srcset=\"https:\/\/blancarubal.com\/wp-content\/uploads\/2021\/07\/Sheila-Blanco-Jose-Luis-Monton-con-Blanca-Rubal.jpg 1366w, https:\/\/blancarubal.com\/wp-content\/uploads\/2021\/07\/Sheila-Blanco-Jose-Luis-Monton-con-Blanca-Rubal-300x169.jpg 300w, https:\/\/blancarubal.com\/wp-content\/uploads\/2021\/07\/Sheila-Blanco-Jose-Luis-Monton-con-Blanca-Rubal-1024x576.jpg 1024w, https:\/\/blancarubal.com\/wp-content\/uploads\/2021\/07\/Sheila-Blanco-Jose-Luis-Monton-con-Blanca-Rubal-768x432.jpg 768w\" sizes=\"(max-width: 1366px) 100vw, 1366px\" \/><\/div><a href=\"https:\/\/blancarubal.com\/wp-content\/uploads\/2021\/07\/Sheila-Blanco-Jose-Luis-Monton-con-Blanca-Rubal.jpg\" class=\"gallery-link\" target=\"_blank\" data-elementor-open-lightbox=\"no\"><div class=\"caption-wrap style-overlay overlay-slide\"> <div class=\"item-hover-bg\"><\/div> <div class=\"item-caption-over\"> <h5 class=\"item-title\">Recording of the album &#034;Flamenco and Classic&#034; by Jos\u00e9 Lu\u00eds Lot<\/h5> <div class=\"item-content\"><\/div> <\/div> <div class=\"caption-head\"><\/div> <div class=\"caption-category\"><\/div> <\/div><\/a><\/div> <\/div><div class=\"gallery-item-wrap jkit-gcf-Festival-Internacional-de-Cello--CFest-de-Puebla-M\u00e9xico\"> <div class=\"grid-item\"><div class=\"thumbnail-wrap\"><img loading=\"lazy\" decoding=\"async\" width=\"1200\" height=\"1600\" src=\"https:\/\/blancarubal.com\/wp-content\/uploads\/2021\/07\/Blanca-Lopez-Rubal-Violonchelo-Recien-llegada-a-Puebla-Mexico-al-C-Fest.jpg\" class=\"attachment-full size-full\" alt=\"Festival Internacional de Cello &quot;CFest&quot; de Puebla (M\u00e9xico)\" url=\"https:\/\/blancarubal.com\/wp-content\/uploads\/2021\/07\/Blanca-Lopez-Rubal-Violonchelo-Recien-llegada-a-Puebla-Mexico-al-C-Fest.jpg\" source=\"library\" srcset=\"https:\/\/blancarubal.com\/wp-content\/uploads\/2021\/07\/Blanca-Lopez-Rubal-Violonchelo-Recien-llegada-a-Puebla-Mexico-al-C-Fest.jpg 1200w, https:\/\/blancarubal.com\/wp-content\/uploads\/2021\/07\/Blanca-Lopez-Rubal-Violonchelo-Recien-llegada-a-Puebla-Mexico-al-C-Fest-225x300.jpg 225w, https:\/\/blancarubal.com\/wp-content\/uploads\/2021\/07\/Blanca-Lopez-Rubal-Violonchelo-Recien-llegada-a-Puebla-Mexico-al-C-Fest-768x1024.jpg 768w, https:\/\/blancarubal.com\/wp-content\/uploads\/2021\/07\/Blanca-Lopez-Rubal-Violonchelo-Recien-llegada-a-Puebla-Mexico-al-C-Fest-1152x1536.jpg 1152w\" sizes=\"(max-width: 1200px) 100vw, 1200px\" \/><\/div><a href=\"https:\/\/blancarubal.com\/wp-content\/uploads\/2021\/07\/Blanca-Lopez-Rubal-Violonchelo-Recien-llegada-a-Puebla-Mexico-al-C-Fest.jpg\" class=\"gallery-link\" target=\"_blank\" data-elementor-open-lightbox=\"no\"><div class=\"caption-wrap style-overlay overlay-slide\"> <div class=\"item-hover-bg\"><\/div> <div class=\"item-caption-over\"> <h5 class=\"item-title\">International Festival of the Cello &#034;CFest&#034; of Puebla (Mexico)<\/h5> <div class=\"item-content\"><\/div> <\/div> <div class=\"caption-head\"><\/div> <div class=\"caption-category\"><\/div> <\/div><\/a><\/div> <\/div><div class=\"gallery-item-wrap jkit-gcf-Rock-Sinf\u00f3nico-con-Octover-en-el-Teatro-Monumental-de-Madrid\"> <div class=\"grid-item\"><div class=\"thumbnail-wrap\"><img loading=\"lazy\" decoding=\"async\" width=\"993\" height=\"662\" src=\"https:\/\/blancarubal.com\/wp-content\/uploads\/2021\/07\/Blanca-Lopez-Rubal-Violonchelo-Galeria-27.jpg\" class=\"attachment-full size-full\" alt=\"Rock Sinf\u00f3nico con Octover en el Teatro Monumental de Madrid\" url=\"https:\/\/blancarubal.com\/wp-content\/uploads\/2021\/07\/Blanca-Lopez-Rubal-Violonchelo-Galeria-27.jpg\" source=\"library\" srcset=\"https:\/\/blancarubal.com\/wp-content\/uploads\/2021\/07\/Blanca-Lopez-Rubal-Violonchelo-Galeria-27.jpg 993w, https:\/\/blancarubal.com\/wp-content\/uploads\/2021\/07\/Blanca-Lopez-Rubal-Violonchelo-Galeria-27-300x200.jpg 300w, https:\/\/blancarubal.com\/wp-content\/uploads\/2021\/07\/Blanca-Lopez-Rubal-Violonchelo-Galeria-27-768x512.jpg 768w\" sizes=\"(max-width: 993px) 100vw, 993px\" \/><\/div><a href=\"https:\/\/blancarubal.com\/wp-content\/uploads\/2021\/07\/Blanca-Lopez-Rubal-Violonchelo-Galeria-27.jpg\" class=\"gallery-link\" target=\"_blank\" data-elementor-open-lightbox=\"no\"><div class=\"caption-wrap style-overlay overlay-slide\"> <div class=\"item-hover-bg\"><\/div> <div class=\"item-caption-over\"> <h5 class=\"item-title\">Symphonic Rock with Octover at the Teatro Monumental in Madrid<\/h5> <div class=\"item-content\"><\/div> <\/div> <div class=\"caption-head\"><\/div> <div class=\"caption-category\"><\/div> <\/div><\/a><\/div> <\/div><div class=\"gallery-item-wrap jkit-gcf-Con-Antonio-Orozco jkit-gcf-Tour-Diez\"> <div class=\"grid-item\"><div class=\"thumbnail-wrap\"><img loading=\"lazy\" decoding=\"async\" width=\"800\" height=\"534\" src=\"https:\/\/blancarubal.com\/wp-content\/uploads\/2021\/07\/Blanca-Rubal-con-Antonio-Orozco.jpg\" class=\"attachment-full size-full\" alt=\"Con Antonio Orozco, Tour &quot;Diez&quot;\" url=\"https:\/\/blancarubal.com\/wp-content\/uploads\/2021\/07\/Blanca-Rubal-con-Antonio-Orozco.jpg\" source=\"library\" srcset=\"https:\/\/blancarubal.com\/wp-content\/uploads\/2021\/07\/Blanca-Rubal-con-Antonio-Orozco.jpg 800w, https:\/\/blancarubal.com\/wp-content\/uploads\/2021\/07\/Blanca-Rubal-con-Antonio-Orozco-300x200.jpg 300w, https:\/\/blancarubal.com\/wp-content\/uploads\/2021\/07\/Blanca-Rubal-con-Antonio-Orozco-768x513.jpg 768w\" sizes=\"(max-width: 800px) 100vw, 800px\" \/><\/div><a href=\"https:\/\/blancarubal.com\/wp-content\/uploads\/2021\/07\/Blanca-Rubal-con-Antonio-Orozco.jpg\" class=\"gallery-link\" target=\"_blank\" data-elementor-open-lightbox=\"no\"><div class=\"caption-wrap style-overlay overlay-slide\"> <div class=\"item-hover-bg\"><\/div> <div class=\"item-caption-over\"> <h5 class=\"item-title\">With Antonio Orozco, Tour &#034;Ten&#034;<\/h5> <div class=\"item-content\"><\/div> <\/div> <div class=\"caption-head\"><\/div> <div class=\"caption-category\"><\/div> <\/div><\/a><\/div> <\/div><div class=\"gallery-item-wrap jkit-gcf-Con-el-Sexteto-de-Mariel-Mart&iacute;nez-y-Fabin-Carbone\"> <div class=\"grid-item\"><div class=\"thumbnail-wrap\"><img loading=\"lazy\" decoding=\"async\" width=\"1024\" height=\"841\" src=\"https:\/\/blancarubal.com\/wp-content\/uploads\/2021\/09\/Blanca-tango-II.jpg\" class=\"attachment-full size-full\" alt=\"Con el Sexteto de Mariel Mart\u00ednez y Fabi\u00e1n Carbone\" url=\"https:\/\/blancarubal.com\/wp-content\/uploads\/2021\/09\/Blanca-tango-II.jpg\" source=\"library\" srcset=\"https:\/\/blancarubal.com\/wp-content\/uploads\/2021\/09\/Blanca-tango-II.jpg 1024w, https:\/\/blancarubal.com\/wp-content\/uploads\/2021\/09\/Blanca-tango-II-300x246.jpg 300w, https:\/\/blancarubal.com\/wp-content\/uploads\/2021\/09\/Blanca-tango-II-768x631.jpg 768w\" sizes=\"(max-width: 1024px) 100vw, 1024px\" \/><\/div><a href=\"https:\/\/blancarubal.com\/wp-content\/uploads\/2021\/09\/Blanca-tango-II.jpg\" class=\"gallery-link\" target=\"_blank\" data-elementor-open-lightbox=\"no\"><div class=\"caption-wrap style-overlay overlay-slide\"> <div class=\"item-hover-bg\"><\/div> <div class=\"item-caption-over\"> <h5 class=\"item-title\">With the Sextet of Mariel Martinez and Fabi\u00e1n Carbone<\/h5> <div class=\"item-content\"><\/div> <\/div> <div class=\"caption-head\"><\/div> <div class=\"caption-category\"><\/div> <\/div><\/a><\/div> <\/div><div class=\"gallery-item-wrap jkit-gcf-Conservatorio-Profesional-de-M\u00fasica\"> <div class=\"grid-item\"><div class=\"thumbnail-wrap\"><img loading=\"lazy\" decoding=\"async\" width=\"720\" height=\"479\" src=\"https:\/\/blancarubal.com\/wp-content\/uploads\/2021\/07\/Blanca-Lopez-Rubal-Violonchelo-Galeria-6.jpg\" class=\"attachment-full size-full\" alt=\"Conservatorio Profesional de M\u00fasica\" url=\"https:\/\/blancarubal.com\/wp-content\/uploads\/2021\/07\/Blanca-Lopez-Rubal-Violonchelo-Galeria-6.jpg\" source=\"library\" srcset=\"https:\/\/blancarubal.com\/wp-content\/uploads\/2021\/07\/Blanca-Lopez-Rubal-Violonchelo-Galeria-6.jpg 720w, https:\/\/blancarubal.com\/wp-content\/uploads\/2021\/07\/Blanca-Lopez-Rubal-Violonchelo-Galeria-6-300x200.jpg 300w\" sizes=\"(max-width: 720px) 100vw, 720px\" \/><\/div><a href=\"https:\/\/blancarubal.com\/wp-content\/uploads\/2021\/07\/Blanca-Lopez-Rubal-Violonchelo-Galeria-6.jpg\" class=\"gallery-link\" target=\"_blank\" data-elementor-open-lightbox=\"no\"><div class=\"caption-wrap style-overlay overlay-slide\"> <div class=\"item-hover-bg\"><\/div> <div class=\"item-caption-over\"> <h5 class=\"item-title\">Professional conservatory of Music<\/h5> <div class=\"item-content\"><\/div> <\/div> <div class=\"caption-head\"><\/div> <div class=\"caption-category\"><\/div> <\/div><\/a><\/div> <\/div><div class=\"gallery-item-wrap jkit-gcf-Masterclass-en-el-Festival-Internacional-de-Violonchelo-Cfest-M\u00e9xico\"> <div class=\"grid-item\"><div class=\"thumbnail-wrap\"><img loading=\"lazy\" decoding=\"async\" width=\"1280\" height=\"853\" src=\"https:\/\/blancarubal.com\/wp-content\/uploads\/2021\/07\/Blanca-Lopez-Rubal-Violonchelo-Galeria-12.jpg\" class=\"attachment-full size-full\" alt=\"Masterclass en el Festival Internacional de Violonchelo Cfest (M\u00e9xico)\" url=\"https:\/\/blancarubal.com\/wp-content\/uploads\/2021\/07\/Blanca-Lopez-Rubal-Violonchelo-Galeria-12.jpg\" source=\"library\" srcset=\"https:\/\/blancarubal.com\/wp-content\/uploads\/2021\/07\/Blanca-Lopez-Rubal-Violonchelo-Galeria-12.jpg 1280w, https:\/\/blancarubal.com\/wp-content\/uploads\/2021\/07\/Blanca-Lopez-Rubal-Violonchelo-Galeria-12-300x200.jpg 300w, https:\/\/blancarubal.com\/wp-content\/uploads\/2021\/07\/Blanca-Lopez-Rubal-Violonchelo-Galeria-12-1024x682.jpg 1024w, https:\/\/blancarubal.com\/wp-content\/uploads\/2021\/07\/Blanca-Lopez-Rubal-Violonchelo-Galeria-12-768x512.jpg 768w\" sizes=\"(max-width: 1280px) 100vw, 1280px\" \/><\/div><a href=\"https:\/\/blancarubal.com\/wp-content\/uploads\/2021\/07\/Blanca-Lopez-Rubal-Violonchelo-Galeria-12.jpg\" class=\"gallery-link\" target=\"_blank\" data-elementor-open-lightbox=\"no\"><div class=\"caption-wrap style-overlay overlay-slide\"> <div class=\"item-hover-bg\"><\/div> <div class=\"item-caption-over\"> <h5 class=\"item-title\">Masterclass at the International Festival of Cello Cfest (Mexico)<\/h5> <div class=\"item-content\"><\/div> <\/div> <div class=\"caption-head\"><\/div> <div class=\"caption-category\"><\/div> <\/div><\/a><\/div> <\/div><div class=\"gallery-item-wrap jkit-gcf-Recital-Clsico-en-Centro-Cibeles-Madrid\"> <div class=\"grid-item\"><div class=\"thumbnail-wrap\"><img loading=\"lazy\" decoding=\"async\" width=\"1080\" height=\"720\" src=\"https:\/\/blancarubal.com\/wp-content\/uploads\/2021\/07\/Blanca-Lopez-Rubal-Violonchelo-Galeria-23.jpg\" class=\"attachment-full size-full\" alt=\"Recital Cl\u00e1sico de Blanca Rubal y Antonia Valiente en Centro Cibeles (Madrid)\" url=\"https:\/\/blancarubal.com\/wp-content\/uploads\/2021\/07\/Blanca-Lopez-Rubal-Violonchelo-Galeria-23.jpg\" source=\"library\" srcset=\"https:\/\/blancarubal.com\/wp-content\/uploads\/2021\/07\/Blanca-Lopez-Rubal-Violonchelo-Galeria-23.jpg 1080w, https:\/\/blancarubal.com\/wp-content\/uploads\/2021\/07\/Blanca-Lopez-Rubal-Violonchelo-Galeria-23-300x200.jpg 300w, https:\/\/blancarubal.com\/wp-content\/uploads\/2021\/07\/Blanca-Lopez-Rubal-Violonchelo-Galeria-23-1024x683.jpg 1024w, https:\/\/blancarubal.com\/wp-content\/uploads\/2021\/07\/Blanca-Lopez-Rubal-Violonchelo-Galeria-23-768x512.jpg 768w\" sizes=\"(max-width: 1080px) 100vw, 1080px\" \/><\/div><a href=\"https:\/\/blancarubal.com\/wp-content\/uploads\/2021\/07\/Blanca-Lopez-Rubal-Violonchelo-Galeria-23.jpg\" class=\"gallery-link\" target=\"_blank\" data-elementor-open-lightbox=\"no\"><div class=\"caption-wrap style-overlay overlay-slide\"> <div class=\"item-hover-bg\"><\/div> <div class=\"item-caption-over\"> <h5 class=\"item-title\">Recital Classic White Rubal and Antonia Brave in Centro Cibeles (Madrid)<\/h5> <div class=\"item-content\"><\/div> <\/div> <div class=\"caption-head\"><\/div> <div class=\"caption-category\"><\/div> <\/div><\/a><\/div> <\/div><div class=\"gallery-item-wrap jkit-gcf-Actuaci\u00f3n-en-FestiUlloa-Lugo\"> <div class=\"grid-item\"><div class=\"thumbnail-wrap\"><img loading=\"lazy\" decoding=\"async\" width=\"399\" height=\"600\" src=\"https:\/\/blancarubal.com\/wp-content\/uploads\/2021\/07\/Blanca-Lopez-Rubal-Violonchelo-Galeria-18.jpg\" class=\"attachment-full size-full\" alt=\"Actuaci\u00f3n en FestiUlloa (Lugo)\" url=\"https:\/\/blancarubal.com\/wp-content\/uploads\/2021\/07\/Blanca-Lopez-Rubal-Violonchelo-Galeria-18.jpg\" source=\"library\" srcset=\"https:\/\/blancarubal.com\/wp-content\/uploads\/2021\/07\/Blanca-Lopez-Rubal-Violonchelo-Galeria-18.jpg 399w, https:\/\/blancarubal.com\/wp-content\/uploads\/2021\/07\/Blanca-Lopez-Rubal-Violonchelo-Galeria-18-200x300.jpg 200w\" sizes=\"(max-width: 399px) 100vw, 399px\" \/><\/div><a href=\"https:\/\/blancarubal.com\/wp-content\/uploads\/2021\/07\/Blanca-Lopez-Rubal-Violonchelo-Galeria-18.jpg\" class=\"gallery-link\" target=\"_blank\" data-elementor-open-lightbox=\"no\"><div class=\"caption-wrap style-overlay overlay-slide\"> <div class=\"item-hover-bg\"><\/div> <div class=\"item-caption-over\"> <h5 class=\"item-title\">Performance in FestiUlloa (Lugo)<\/h5> <div class=\"item-content\"><\/div> <\/div> <div class=\"caption-head\"><\/div> <div class=\"caption-category\"><\/div> <\/div><\/a><\/div> <\/div><div class=\"gallery-item-wrap jkit-gcf-Cuarteto-Goyeneche-en-el-Festival-Grieg-de-Bergen-Noruega\"> <div class=\"grid-item\"><div class=\"thumbnail-wrap\"><img loading=\"lazy\" decoding=\"async\" width=\"1328\" height=\"747\" src=\"https:\/\/blancarubal.com\/wp-content\/uploads\/2021\/07\/Blanca-Lopez-Rubal-Violonchelo-Galeria-4.jpg\" class=\"attachment-full size-full\" alt=\"Cuarteto Goyeneche en el Festival Grieg de Bergen (Noruega)\" url=\"https:\/\/blancarubal.com\/wp-content\/uploads\/2021\/07\/Blanca-Lopez-Rubal-Violonchelo-Galeria-4.jpg\" source=\"library\" srcset=\"https:\/\/blancarubal.com\/wp-content\/uploads\/2021\/07\/Blanca-Lopez-Rubal-Violonchelo-Galeria-4.jpg 1328w, https:\/\/blancarubal.com\/wp-content\/uploads\/2021\/07\/Blanca-Lopez-Rubal-Violonchelo-Galeria-4-300x169.jpg 300w, https:\/\/blancarubal.com\/wp-content\/uploads\/2021\/07\/Blanca-Lopez-Rubal-Violonchelo-Galeria-4-1024x576.jpg 1024w, https:\/\/blancarubal.com\/wp-content\/uploads\/2021\/07\/Blanca-Lopez-Rubal-Violonchelo-Galeria-4-768x432.jpg 768w\" sizes=\"(max-width: 1328px) 100vw, 1328px\" \/><\/div><a href=\"https:\/\/blancarubal.com\/wp-content\/uploads\/2021\/07\/Blanca-Lopez-Rubal-Violonchelo-Galeria-4.jpg)\" class=\"gallery-link\" target=\"_blank\" data-elementor-open-lightbox=\"no\"><div class=\"caption-wrap style-overlay overlay-slide\"> <div class=\"item-hover-bg\"><\/div> <div class=\"item-caption-over\"> <h5 class=\"item-title\">Quartet Goyeneche at the Festival Grieg, Bergen (Norway)<\/h5> <div class=\"item-content\"><\/div> <\/div> <div class=\"caption-head\"><\/div> <div class=\"caption-category\"><\/div> <\/div><\/a><\/div> <\/div><div class=\"gallery-item-wrap jkit-gcf-Masterclass-en-el-Festival-Internacional-de-Violonchelo-Cfest-M\u00e9xico\"> <div class=\"grid-item\"><div class=\"thumbnail-wrap\"><img loading=\"lazy\" decoding=\"async\" width=\"1280\" height=\"853\" src=\"https:\/\/blancarubal.com\/wp-content\/uploads\/2021\/07\/Blanca-Lopez-Rubal-Violonchelo-Galeria-11.jpg\" class=\"attachment-full size-full\" alt=\"Masterclass en el Festival Internacional de Violonchelo Cfest (M\u00e9xico)\" url=\"https:\/\/blancarubal.com\/wp-content\/uploads\/2021\/07\/Blanca-Lopez-Rubal-Violonchelo-Galeria-11.jpg\" source=\"library\" srcset=\"https:\/\/blancarubal.com\/wp-content\/uploads\/2021\/07\/Blanca-Lopez-Rubal-Violonchelo-Galeria-11.jpg 1280w, https:\/\/blancarubal.com\/wp-content\/uploads\/2021\/07\/Blanca-Lopez-Rubal-Violonchelo-Galeria-11-300x200.jpg 300w, https:\/\/blancarubal.com\/wp-content\/uploads\/2021\/07\/Blanca-Lopez-Rubal-Violonchelo-Galeria-11-1024x682.jpg 1024w, https:\/\/blancarubal.com\/wp-content\/uploads\/2021\/07\/Blanca-Lopez-Rubal-Violonchelo-Galeria-11-768x512.jpg 768w\" sizes=\"(max-width: 1280px) 100vw, 1280px\" \/><\/div><a href=\"https:\/\/blancarubal.com\/wp-content\/uploads\/2021\/07\/Blanca-Lopez-Rubal-Violonchelo-Galeria-11.jpg\" class=\"gallery-link\" target=\"_blank\" data-elementor-open-lightbox=\"no\"><div class=\"caption-wrap style-overlay overlay-slide\"> <div class=\"item-hover-bg\"><\/div> <div class=\"item-caption-over\"> <h5 class=\"item-title\">Masterclass at the International Festival of Cello Cfest (Mexico)<\/h5> <div class=\"item-content\"><\/div> <\/div> <div class=\"caption-head\"><\/div> <div class=\"caption-category\"><\/div> <\/div><\/a><\/div> <\/div><div class=\"gallery-item-wrap jkit-gcf-Tarde-de-Ensayo\"> <div class=\"grid-item\"><div class=\"thumbnail-wrap\"><img loading=\"lazy\" decoding=\"async\" width=\"1600\" height=\"1071\" src=\"https:\/\/blancarubal.com\/wp-content\/uploads\/2021\/07\/Blanca-Lopez-Rubal-Violonchelo-Galeria-2.jpg\" class=\"attachment-full size-full\" alt=\"Tarde de Ensayo\" url=\"https:\/\/blancarubal.com\/wp-content\/uploads\/2021\/07\/Blanca-Lopez-Rubal-Violonchelo-Galeria-2.jpg\" source=\"library\" srcset=\"https:\/\/blancarubal.com\/wp-content\/uploads\/2021\/07\/Blanca-Lopez-Rubal-Violonchelo-Galeria-2.jpg 1600w, https:\/\/blancarubal.com\/wp-content\/uploads\/2021\/07\/Blanca-Lopez-Rubal-Violonchelo-Galeria-2-300x201.jpg 300w, https:\/\/blancarubal.com\/wp-content\/uploads\/2021\/07\/Blanca-Lopez-Rubal-Violonchelo-Galeria-2-1024x685.jpg 1024w, https:\/\/blancarubal.com\/wp-content\/uploads\/2021\/07\/Blanca-Lopez-Rubal-Violonchelo-Galeria-2-768x514.jpg 768w, https:\/\/blancarubal.com\/wp-content\/uploads\/2021\/07\/Blanca-Lopez-Rubal-Violonchelo-Galeria-2-1536x1028.jpg 1536w\" sizes=\"(max-width: 1600px) 100vw, 1600px\" \/><\/div><a href=\"https:\/\/blancarubal.com\/wp-content\/uploads\/2021\/07\/Blanca-Lopez-Rubal-Violonchelo-Galeria-2.jpg\" class=\"gallery-link\" target=\"_blank\" data-elementor-open-lightbox=\"no\"><div class=\"caption-wrap style-overlay overlay-slide\"> <div class=\"item-hover-bg\"><\/div> <div class=\"item-caption-over\"> <h5 class=\"item-title\">Evening Essay<\/h5> <div class=\"item-content\"><\/div> <\/div> <div class=\"caption-head\"><\/div> <div class=\"caption-category\"><\/div> <\/div><\/a><\/div> <\/div><div class=\"gallery-item-wrap jkit-gcf-Recital-Clsico-para-Violonchelo\"> <div class=\"grid-item\"><div class=\"thumbnail-wrap\"><img loading=\"lazy\" decoding=\"async\" width=\"719\" height=\"1024\" src=\"https:\/\/blancarubal.com\/wp-content\/uploads\/2021\/07\/Blanca-Lopez-Rubal-Violonchelo-Galeria-7.jpg\" class=\"attachment-full size-full\" alt=\"Recital Cl\u00e1sico para Violonchelo\" url=\"https:\/\/blancarubal.com\/wp-content\/uploads\/2021\/07\/Blanca-Lopez-Rubal-Violonchelo-Galeria-7.jpg\" source=\"library\" srcset=\"https:\/\/blancarubal.com\/wp-content\/uploads\/2021\/07\/Blanca-Lopez-Rubal-Violonchelo-Galeria-7.jpg 719w, https:\/\/blancarubal.com\/wp-content\/uploads\/2021\/07\/Blanca-Lopez-Rubal-Violonchelo-Galeria-7-211x300.jpg 211w\" sizes=\"(max-width: 719px) 100vw, 719px\" \/><\/div><a href=\"https:\/\/blancarubal.com\/wp-content\/uploads\/2021\/07\/Blanca-Lopez-Rubal-Violonchelo-Galeria-7.jpg\" class=\"gallery-link\" target=\"_blank\" data-elementor-open-lightbox=\"no\"><div class=\"caption-wrap style-overlay overlay-slide\"> <div class=\"item-hover-bg\"><\/div> <div class=\"item-caption-over\"> <h5 class=\"item-title\">Recital Classic for Cello<\/h5> <div class=\"item-content\"><\/div> <\/div> <div class=\"caption-head\"><\/div> <div class=\"caption-category\"><\/div> <\/div><\/a><\/div> <\/div><div class=\"gallery-item-wrap jkit-gcf-Recital-Clsico-Para-Violonchelo\"> <div class=\"grid-item\"><div class=\"thumbnail-wrap\"><img loading=\"lazy\" decoding=\"async\" width=\"1200\" height=\"1600\" src=\"https:\/\/blancarubal.com\/wp-content\/uploads\/2021\/07\/Blanca-Lopez-Rubal-Violonchelo-Galeria-8.jpg\" class=\"attachment-full size-full\" alt=\"Recital Cl\u00e1sico Para Violonchelo\" url=\"https:\/\/blancarubal.com\/wp-content\/uploads\/2021\/07\/Blanca-Lopez-Rubal-Violonchelo-Galeria-8.jpg\" source=\"library\" srcset=\"https:\/\/blancarubal.com\/wp-content\/uploads\/2021\/07\/Blanca-Lopez-Rubal-Violonchelo-Galeria-8.jpg 1200w, https:\/\/blancarubal.com\/wp-content\/uploads\/2021\/07\/Blanca-Lopez-Rubal-Violonchelo-Galeria-8-225x300.jpg 225w, https:\/\/blancarubal.com\/wp-content\/uploads\/2021\/07\/Blanca-Lopez-Rubal-Violonchelo-Galeria-8-768x1024.jpg 768w, https:\/\/blancarubal.com\/wp-content\/uploads\/2021\/07\/Blanca-Lopez-Rubal-Violonchelo-Galeria-8-1152x1536.jpg 1152w\" sizes=\"(max-width: 1200px) 100vw, 1200px\" \/><\/div><a href=\"https:\/\/blancarubal.com\/wp-content\/uploads\/2021\/07\/Blanca-Lopez-Rubal-Violonchelo-Galeria-8.jpg\" class=\"gallery-link\" target=\"_blank\" data-elementor-open-lightbox=\"no\"><div class=\"caption-wrap style-overlay overlay-slide\"> <div class=\"item-hover-bg\"><\/div> <div class=\"item-caption-over\"> <h5 class=\"item-title\">Recital Classic For Cello<\/h5> <div class=\"item-content\"><\/div> <\/div> <div class=\"caption-head\"><\/div> <div class=\"caption-category\"><\/div> <\/div><\/a><\/div> <\/div><div class=\"gallery-item-wrap jkit-gcf-En-FestiUlloa-con-Goyeneche-Quartet-Tango-Argentino\"> <div class=\"grid-item\"><div class=\"thumbnail-wrap\"><img loading=\"lazy\" decoding=\"async\" width=\"1600\" height=\"1071\" src=\"https:\/\/blancarubal.com\/wp-content\/uploads\/2021\/07\/Blanca-Lopez-Rubal-Violonchelo-Galeria-3.jpg\" class=\"attachment-full size-full\" alt=\"En FestiUlloa con Goyeneche Quartet (Tango Argentino)Goyeneche Quartet (Tango Argentino)\" url=\"https:\/\/blancarubal.com\/wp-content\/uploads\/2021\/07\/Blanca-Lopez-Rubal-Violonchelo-Galeria-3.jpg\" source=\"library\" srcset=\"https:\/\/blancarubal.com\/wp-content\/uploads\/2021\/07\/Blanca-Lopez-Rubal-Violonchelo-Galeria-3.jpg 1600w, https:\/\/blancarubal.com\/wp-content\/uploads\/2021\/07\/Blanca-Lopez-Rubal-Violonchelo-Galeria-3-300x201.jpg 300w, https:\/\/blancarubal.com\/wp-content\/uploads\/2021\/07\/Blanca-Lopez-Rubal-Violonchelo-Galeria-3-1024x685.jpg 1024w, https:\/\/blancarubal.com\/wp-content\/uploads\/2021\/07\/Blanca-Lopez-Rubal-Violonchelo-Galeria-3-768x514.jpg 768w, https:\/\/blancarubal.com\/wp-content\/uploads\/2021\/07\/Blanca-Lopez-Rubal-Violonchelo-Galeria-3-1536x1028.jpg 1536w\" sizes=\"(max-width: 1600px) 100vw, 1600px\" \/><\/div><a href=\"https:\/\/blancarubal.com\/wp-content\/uploads\/2021\/07\/Blanca-Lopez-Rubal-Violonchelo-Galeria-3.jpg\" class=\"gallery-link\" target=\"_blank\" data-elementor-open-lightbox=\"no\"><div class=\"caption-wrap style-overlay overlay-slide\"> <div class=\"item-hover-bg\"><\/div> <div class=\"item-caption-over\"> <h5 class=\"item-title\">In FestiUlloa with Goyeneche Quartet (Tango Argentino)Goyeneche Quartet (Argentine Tango)<\/h5> <div class=\"item-content\"><\/div> <\/div> <div class=\"caption-head\"><\/div> <div class=\"caption-category\"><\/div> <\/div><\/a><\/div> <\/div><div class=\"gallery-item-wrap jkit-gcf-Goyeneche-Quartet-Tango-Argentino\"> <div class=\"grid-item\"><div class=\"thumbnail-wrap\"><img loading=\"lazy\" decoding=\"async\" width=\"800\" height=\"534\" src=\"https:\/\/blancarubal.com\/wp-content\/uploads\/2021\/07\/Goyeneche-Quartet-con-Blanca-Lopez-Rubal-al-Violonchelo.jpg\" class=\"attachment-full size-full\" alt=\"Goyeneche Quartet (Tango Argentino)\" url=\"https:\/\/blancarubal.com\/wp-content\/uploads\/2021\/07\/Goyeneche-Quartet-con-Blanca-Lopez-Rubal-al-Violonchelo.jpg\" source=\"library\" srcset=\"https:\/\/blancarubal.com\/wp-content\/uploads\/2021\/07\/Goyeneche-Quartet-con-Blanca-Lopez-Rubal-al-Violonchelo.jpg 800w, https:\/\/blancarubal.com\/wp-content\/uploads\/2021\/07\/Goyeneche-Quartet-con-Blanca-Lopez-Rubal-al-Violonchelo-300x200.jpg 300w, https:\/\/blancarubal.com\/wp-content\/uploads\/2021\/07\/Goyeneche-Quartet-con-Blanca-Lopez-Rubal-al-Violonchelo-768x513.jpg 768w\" sizes=\"(max-width: 800px) 100vw, 800px\" \/><\/div><a href=\"https:\/\/blancarubal.com\/wp-content\/uploads\/2021\/07\/Goyeneche-Quartet-con-Blanca-Lopez-Rubal-al-Violonchelo.jpg\" class=\"gallery-link\" target=\"_blank\" data-elementor-open-lightbox=\"no\"><div class=\"caption-wrap style-overlay overlay-slide\"> <div class=\"item-hover-bg\"><\/div> <div class=\"item-caption-over\"> <h5 class=\"item-title\">Goyeneche Quartet (Argentine Tango)<\/h5> <div class=\"item-content\"><\/div> <\/div> <div class=\"caption-head\"><\/div> <div class=\"caption-category\"><\/div> <\/div><\/a><\/div> <\/div><div class=\"gallery-item-wrap jkit-gcf-Recital-Clsico-en-Alcal-de-Henares\"> <div class=\"grid-item\"><div class=\"thumbnail-wrap\"><img loading=\"lazy\" decoding=\"async\" width=\"800\" height=\"862\" src=\"https:\/\/blancarubal.com\/wp-content\/uploads\/2021\/07\/Blanca-Lopez-Rubal-Violonchelista-en-Alcala-de-Henares.jpg\" class=\"attachment-full size-full\" alt=\"Recital Cl\u00e1sico en Alcal\u00e1 de Henares\" url=\"https:\/\/blancarubal.com\/wp-content\/uploads\/2021\/07\/Blanca-Lopez-Rubal-Violonchelista-en-Alcala-de-Henares.jpg\" source=\"library\" srcset=\"https:\/\/blancarubal.com\/wp-content\/uploads\/2021\/07\/Blanca-Lopez-Rubal-Violonchelista-en-Alcala-de-Henares.jpg 800w, https:\/\/blancarubal.com\/wp-content\/uploads\/2021\/07\/Blanca-Lopez-Rubal-Violonchelista-en-Alcala-de-Henares-278x300.jpg 278w, https:\/\/blancarubal.com\/wp-content\/uploads\/2021\/07\/Blanca-Lopez-Rubal-Violonchelista-en-Alcala-de-Henares-768x828.jpg 768w\" sizes=\"(max-width: 800px) 100vw, 800px\" \/><\/div><a href=\"https:\/\/blancarubal.com\/wp-content\/uploads\/2021\/07\/Blanca-Lopez-Rubal-Violonchelista-en-Alcala-de-Henares.jpg\" class=\"gallery-link\" target=\"_blank\" data-elementor-open-lightbox=\"no\"><div class=\"caption-wrap style-overlay overlay-slide\"> <div class=\"item-hover-bg\"><\/div> <div class=\"item-caption-over\"> <h5 class=\"item-title\">Recital Classic in Alcal\u00e1 de Henares<\/h5> <div class=\"item-content\"><\/div> <\/div> <div class=\"caption-head\"><\/div> <div class=\"caption-category\"><\/div> <\/div><\/a><\/div> <\/div><div class=\"gallery-item-wrap jkit-gcf-Con-Wolfgang-Schnabl jkit-gcf-luthier-del-violoncello-de-Blanca-Rubal\"> <div class=\"grid-item\"><div class=\"thumbnail-wrap\"><img loading=\"lazy\" decoding=\"async\" width=\"1600\" height=\"1200\" src=\"https:\/\/blancarubal.com\/wp-content\/uploads\/2021\/07\/Blanca-Lopez-Rubal-Violonchelo-Galeria-1.jpg\" class=\"attachment-full size-full\" alt=\"Con Wolfgang Schnabl, luthier del violoncello de Blanca Rubal\" url=\"https:\/\/blancarubal.com\/wp-content\/uploads\/2021\/07\/Blanca-Lopez-Rubal-Violonchelo-Galeria-1.jpg\" source=\"library\" srcset=\"https:\/\/blancarubal.com\/wp-content\/uploads\/2021\/07\/Blanca-Lopez-Rubal-Violonchelo-Galeria-1.jpg 1600w, https:\/\/blancarubal.com\/wp-content\/uploads\/2021\/07\/Blanca-Lopez-Rubal-Violonchelo-Galeria-1-300x225.jpg 300w, https:\/\/blancarubal.com\/wp-content\/uploads\/2021\/07\/Blanca-Lopez-Rubal-Violonchelo-Galeria-1-1024x768.jpg 1024w, https:\/\/blancarubal.com\/wp-content\/uploads\/2021\/07\/Blanca-Lopez-Rubal-Violonchelo-Galeria-1-768x576.jpg 768w, https:\/\/blancarubal.com\/wp-content\/uploads\/2021\/07\/Blanca-Lopez-Rubal-Violonchelo-Galeria-1-1536x1152.jpg 1536w\" sizes=\"(max-width: 1600px) 100vw, 1600px\" \/><\/div><a href=\"https:\/\/blancarubal.com\/wp-content\/uploads\/2021\/07\/Blanca-Lopez-Rubal-Violonchelo-Galeria-1.jpg\" class=\"gallery-link\" target=\"_blank\" data-elementor-open-lightbox=\"no\"><div class=\"caption-wrap style-overlay overlay-slide\"> <div class=\"item-hover-bg\"><\/div> <div class=\"item-caption-over\"> <h5 class=\"item-title\">With Wolfgang Schnabl, luthier of the cello with a White Rubal<\/h5> <div class=\"item-content\"><\/div> <\/div> <div class=\"caption-head\"><\/div> <div class=\"caption-category\"><\/div> <\/div><\/a><\/div> <\/div><div class=\"gallery-item-wrap jkit-gcf-Concierto-en-el-Club-Matador-Madrid\"> <div class=\"grid-item\"><div class=\"thumbnail-wrap\"><img loading=\"lazy\" decoding=\"async\" width=\"1200\" height=\"1600\" src=\"https:\/\/blancarubal.com\/wp-content\/uploads\/2021\/09\/Antes-de-un-concierto-en-el-Club-Matador.jpg\" class=\"attachment-full size-full\" alt=\"Concierto en el Club Matador (Madrid)\" url=\"https:\/\/blancarubal.com\/wp-content\/uploads\/2021\/09\/Antes-de-un-concierto-en-el-Club-Matador.jpg\" source=\"library\" srcset=\"https:\/\/blancarubal.com\/wp-content\/uploads\/2021\/09\/Antes-de-un-concierto-en-el-Club-Matador.jpg 1200w, https:\/\/blancarubal.com\/wp-content\/uploads\/2021\/09\/Antes-de-un-concierto-en-el-Club-Matador-225x300.jpg 225w, https:\/\/blancarubal.com\/wp-content\/uploads\/2021\/09\/Antes-de-un-concierto-en-el-Club-Matador-768x1024.jpg 768w, https:\/\/blancarubal.com\/wp-content\/uploads\/2021\/09\/Antes-de-un-concierto-en-el-Club-Matador-1152x1536.jpg 1152w\" sizes=\"(max-width: 1200px) 100vw, 1200px\" \/><\/div><a href=\"https:\/\/blancarubal.com\/wp-content\/uploads\/2021\/09\/Antes-de-un-concierto-en-el-Club-Matador.jpg%20(4)\" class=\"gallery-link\" target=\"_blank\" data-elementor-open-lightbox=\"no\"><div class=\"caption-wrap style-overlay overlay-slide\"> <div class=\"item-hover-bg\"><\/div> <div class=\"item-caption-over\"> <h5 class=\"item-title\">Concert at Club Matador in Madrid (spain)<\/h5> <div class=\"item-content\"><\/div> <\/div> <div class=\"caption-head\"><\/div> <div class=\"caption-category\"><\/div> <\/div><\/a><\/div> <\/div><div class=\"gallery-item-wrap jkit-gcf-En-\u00c1msterdam-Academia-de-M\u00fasica-de-los-Pa\u00edses-Bajos\"> <div class=\"grid-item\"><div class=\"thumbnail-wrap\"><img loading=\"lazy\" decoding=\"async\" width=\"200\" height=\"200\" src=\"https:\/\/blancarubal.com\/wp-content\/uploads\/2021\/07\/Blanca-Lopez-Rubal-Violonchelo-Galeria-14.jpg\" class=\"attachment-full size-full\" alt=\"En \u00c1msterdam (Academia de M\u00fasica de los Pa\u00edses Bajos)\" url=\"https:\/\/blancarubal.com\/wp-content\/uploads\/2021\/07\/Blanca-Lopez-Rubal-Violonchelo-Galeria-14.jpg\" source=\"library\" srcset=\"https:\/\/blancarubal.com\/wp-content\/uploads\/2021\/07\/Blanca-Lopez-Rubal-Violonchelo-Galeria-14.jpg 200w, https:\/\/blancarubal.com\/wp-content\/uploads\/2021\/07\/Blanca-Lopez-Rubal-Violonchelo-Galeria-14-150x150.jpg 150w\" sizes=\"(max-width: 200px) 100vw, 200px\" \/><\/div><a href=\"https:\/\/blancarubal.com\/wp-content\/uploads\/2021\/07\/Blanca-Lopez-Rubal-Violonchelo-Galeria-14.jpg\" class=\"gallery-link\" target=\"_blank\" data-elementor-open-lightbox=\"no\"><div class=\"caption-wrap style-overlay overlay-slide\"> <div class=\"item-hover-bg\"><\/div> <div class=\"item-caption-over\"> <h5 class=\"item-title\">In Amsterdam, the Music Academy of the Netherlands)<\/h5> <div class=\"item-content\"><\/div> <\/div> <div class=\"caption-head\"><\/div> <div class=\"caption-category\"><\/div> <\/div><\/a><\/div> <\/div><div class=\"gallery-item-wrap jkit-gcf-Blanca-Rubal-Violonchelo--Antonia-Valente-piano-en-el-Olivar-de-Castillejo\"> <div class=\"grid-item\"><div class=\"thumbnail-wrap\"><img loading=\"lazy\" decoding=\"async\" width=\"1600\" height=\"1200\" src=\"https:\/\/blancarubal.com\/wp-content\/uploads\/2021\/09\/Con-Antonia-Valente-en-el-Olivar-de-Castillejo.jpg\" class=\"attachment-full size-full\" alt=\"Blanca Rubal (Violonchelo) &amp; Antonia Valente (piano) en el Olivar de Castillejo\" url=\"https:\/\/blancarubal.com\/wp-content\/uploads\/2021\/09\/Con-Antonia-Valente-en-el-Olivar-de-Castillejo.jpg\" source=\"library\" srcset=\"https:\/\/blancarubal.com\/wp-content\/uploads\/2021\/09\/Con-Antonia-Valente-en-el-Olivar-de-Castillejo.jpg 1600w, https:\/\/blancarubal.com\/wp-content\/uploads\/2021\/09\/Con-Antonia-Valente-en-el-Olivar-de-Castillejo-300x225.jpg 300w, https:\/\/blancarubal.com\/wp-content\/uploads\/2021\/09\/Con-Antonia-Valente-en-el-Olivar-de-Castillejo-1024x768.jpg 1024w, https:\/\/blancarubal.com\/wp-content\/uploads\/2021\/09\/Con-Antonia-Valente-en-el-Olivar-de-Castillejo-768x576.jpg 768w, https:\/\/blancarubal.com\/wp-content\/uploads\/2021\/09\/Con-Antonia-Valente-en-el-Olivar-de-Castillejo-1536x1152.jpg 1536w\" sizes=\"(max-width: 1600px) 100vw, 1600px\" \/><\/div><a href=\"https:\/\/blancarubal.com\/wp-content\/uploads\/2021\/09\/Con-Antonia-Valente-en-el-Olivar-de-Castillejo.jpg\" class=\"gallery-link\" target=\"_blank\" data-elementor-open-lightbox=\"no\"><div class=\"caption-wrap style-overlay overlay-slide\"> <div class=\"item-hover-bg\"><\/div> <div class=\"item-caption-over\"> <h5 class=\"item-title\">White Rubal (Cello) &amp; Antonia Valente (piano) in the Olivar de Castillejo<\/h5> <div class=\"item-content\"><\/div> <\/div> <div class=\"caption-head\"><\/div> <div class=\"caption-category\"><\/div> <\/div><\/a><\/div> <\/div><\/div>\n            <div class=\"load-more-items\"><\/div><\/div>\t\t<\/div>\n\t\t\t\t<\/div>\n\t\t\t\t\t<\/div>\n\t\t<\/div>\n\t\t\t\t\t<\/div>\n\t\t<\/section>\n\t\t\t\t<section class=\"elementor-section elementor-top-section elementor-element elementor-element-caa808d elementor-section-boxed elementor-section-height-default elementor-section-height-default\" data-id=\"caa808d\" data-element_type=\"section\" data-settings=\"{&quot;background_background&quot;:&quot;classic&quot;}\">\n\t\t\t\t\t\t\t<div class=\"elementor-background-overlay\"><\/div>\n\t\t\t\t\t\t\t<div class=\"elementor-container elementor-column-gap-default\">\n\t\t\t\t\t<div class=\"elementor-column elementor-col-50 elementor-top-column elementor-element elementor-element-62c5f08 elementor-invisible\" data-id=\"62c5f08\" data-element_type=\"column\" data-settings=\"{&quot;animation&quot;:&quot;fadeIn&quot;}\">\n\t\t\t<div class=\"elementor-widget-wrap elementor-element-populated\">\n\t\t\t\t\t\t<div class=\"elementor-element elementor-element-80229e5 elementor-widget elementor-widget-b_typography\" data-id=\"80229e5\" data-element_type=\"widget\" data-widget_type=\"b_typography.default\">\n\t\t\t\t<div class=\"elementor-widget-container\">\n\t\t\t<style> #bw_69f314804be96 .bw-typograpgy-with-title, #bw_69f314804be96 .bw-typography-this-title {z-index:; position: relative;} <\/style><div class=\"bw-typograpgy bw-t-1\"><div class=\"bw-typograpgy-wrap\" id=\"bw_69f314804be96\"><div class=\"bw-typograpgy-main-title bw-  bw-typography-this-title\">Are you looking for Lessons on the Cello??<\/div><\/div><\/div>\t\t<\/div>\n\t\t\t\t<\/div>\n\t\t\t\t<div class=\"elementor-element elementor-element-2f09819 elementor-widget elementor-widget-spacer\" data-id=\"2f09819\" data-element_type=\"widget\" data-widget_type=\"spacer.default\">\n\t\t\t\t<div class=\"elementor-widget-container\">\n\t\t\t\t\t<div class=\"elementor-spacer\">\n\t\t\t<div class=\"elementor-spacer-inner\"><\/div>\n\t\t<\/div>\n\t\t\t\t<\/div>\n\t\t\t\t<\/div>\n\t\t\t\t<div class=\"elementor-element elementor-element-2553811 elementor-widget elementor-widget-b_button\" data-id=\"2553811\" data-element_type=\"widget\" data-widget_type=\"b_button.default\">\n\t\t\t\t<div class=\"elementor-widget-container\">\n\t\t\t<div class=\"bw-button-wrapper\"><div class=\"bw-button-box noise   n-1\">\r\n\t\t\t\t\t\t\t<a href=\"#contacto\"target=\"_blank\" rel=\"nofollow\" class=\"bw-btn bw-btn-n-1\">\r\n\t\t\t\t\t\t\t\t<div>Let&#039;s talk<\/div>\r\n\t\t\t\t\t\t\t\t<div>\r\n\t\t\t\t\t\t\t\t\t<div>Let&#039;s talk<\/div>\r\n\t\t\t\t\t\t\t\t\t<div>Let&#039;s talk<\/div>\r\n\t\t\t\t\t\t\t\t\t<div>Let&#039;s talk<\/div>\r\n\t\t\t\t\t\t\t\t<\/div>\r\n\t\t\t\t\t\t\t<\/a><\/div><\/div>\t\t<\/div>\n\t\t\t\t<\/div>\n\t\t\t\t\t<\/div>\n\t\t<\/div>\n\t\t\t\t<div class=\"elementor-column elementor-col-50 elementor-top-column elementor-element elementor-element-0d88880 elementor-hidden-phone\" data-id=\"0d88880\" data-element_type=\"column\">\n\t\t\t<div class=\"elementor-widget-wrap elementor-element-populated\">\n\t\t\t\t\t\t<div class=\"elementor-element elementor-element-d77ad5f elementor-widget elementor-widget-spacer\" data-id=\"d77ad5f\" data-element_type=\"widget\" data-widget_type=\"spacer.default\">\n\t\t\t\t<div class=\"elementor-widget-container\">\n\t\t\t\t\t<div class=\"elementor-spacer\">\n\t\t\t<div class=\"elementor-spacer-inner\"><\/div>\n\t\t<\/div>\n\t\t\t\t<\/div>\n\t\t\t\t<\/div>\n\t\t\t\t\t<\/div>\n\t\t<\/div>\n\t\t\t\t\t<\/div>\n\t\t<\/section>\n\t\t\t\t<section class=\"elementor-section elementor-top-section elementor-element elementor-element-ab8f383 elementor-section-boxed elementor-section-height-default elementor-section-height-default\" data-id=\"ab8f383\" data-element_type=\"section\">\n\t\t\t\t\t\t<div class=\"elementor-container elementor-column-gap-default\">\n\t\t\t\t\t<div class=\"elementor-column elementor-col-100 elementor-top-column elementor-element elementor-element-b49aef6\" data-id=\"b49aef6\" data-element_type=\"column\">\n\t\t\t<div class=\"elementor-widget-wrap\">\n\t\t\t\t\t\t\t<\/div>\n\t\t<\/div>\n\t\t\t\t\t<\/div>\n\t\t<\/section>\n\t\t\t\t<section class=\"elementor-section elementor-top-section elementor-element elementor-element-f41556c elementor-section-boxed elementor-section-height-default elementor-section-height-default\" data-id=\"f41556c\" data-element_type=\"section\">\n\t\t\t\t\t\t<div class=\"elementor-container elementor-column-gap-wide\">\n\t\t\t\t\t<div class=\"elementor-column elementor-col-50 elementor-top-column elementor-element elementor-element-9ecb030\" data-id=\"9ecb030\" data-element_type=\"column\">\n\t\t\t<div class=\"elementor-widget-wrap elementor-element-populated\">\n\t\t\t\t\t\t<div class=\"elementor-element elementor-element-ef2ef4d elementor-widget elementor-widget-menu-anchor\" data-id=\"ef2ef4d\" data-element_type=\"widget\" data-widget_type=\"menu-anchor.default\">\n\t\t\t\t<div class=\"elementor-widget-container\">\n\t\t\t\t\t<div class=\"elementor-menu-anchor\" id=\"contacto\"><\/div>\n\t\t\t\t<\/div>\n\t\t\t\t<\/div>\n\t\t\t\t<div class=\"elementor-element elementor-element-b8f84da elementor-widget elementor-widget-jkit_heading\" data-id=\"b8f84da\" data-element_type=\"widget\" data-widget_type=\"jkit_heading.default\">\n\t\t\t\t<div class=\"elementor-widget-container\">\n\t\t\t<div  class=\"jeg-elementor-kit jkit-heading  align-left align-tablet- align-mobile- jeg_module__1_69f3148053f12\" ><span class=\"heading-section-subtitle  style-color\">Contact<\/span><div class=\"heading-section-title  display-inline-block\"><h3 class=\"heading-title\">Hello! <span class=\"style-color\"><span>Are we talking about?<\/span><\/span><\/h3><\/div><\/div>\t\t<\/div>\n\t\t\t\t<\/div>\n\t\t\t\t<div class=\"elementor-element elementor-element-19fa787 elementor-widget elementor-widget-text-editor\" data-id=\"19fa787\" data-element_type=\"widget\" data-widget_type=\"text-editor.default\">\n\t\t\t\t<div class=\"elementor-widget-container\">\n\t\t\t\t\t\t\t<p>If you want more information, write Blanca Rubal.<\/p>\t\t\t\t\t\t<\/div>\n\t\t\t\t<\/div>\n\t\t\t\t<div class=\"elementor-element elementor-element-7e32b5b elementor-widget elementor-widget-text-editor\" data-id=\"7e32b5b\" data-element_type=\"widget\" data-widget_type=\"text-editor.default\">\n\t\t\t\t<div class=\"elementor-widget-container\">\n\t\t\t\t\t\t\t<p>Madrid, 28012<br \/>Spain<\/p><p>Phone +35 722 12 91 41<\/p><p><a href=\"#\">blancarubal@gmail.com<\/a><\/p>\t\t\t\t\t\t<\/div>\n\t\t\t\t<\/div>\n\t\t\t\t<div class=\"elementor-element elementor-element-e649530 elementor-widget-divider--view-line elementor-widget elementor-widget-divider\" data-id=\"e649530\" data-element_type=\"widget\" data-widget_type=\"divider.default\">\n\t\t\t\t<div class=\"elementor-widget-container\">\n\t\t\t\t\t<div class=\"elementor-divider\">\n\t\t\t<span class=\"elementor-divider-separator\">\n\t\t\t\t\t\t<\/span>\n\t\t<\/div>\n\t\t\t\t<\/div>\n\t\t\t\t<\/div>\n\t\t\t\t<div class=\"elementor-element elementor-element-3d9f534 elementor-grid-tablet-6 e-grid-align-tablet-left e-grid-align-left e-grid-align-mobile-left elementor-shape-rounded elementor-grid-0 elementor-widget elementor-widget-social-icons\" data-id=\"3d9f534\" data-element_type=\"widget\" data-widget_type=\"social-icons.default\">\n\t\t\t\t<div class=\"elementor-widget-container\">\n\t\t\t\t\t<div class=\"elementor-social-icons-wrapper elementor-grid\">\n\t\t\t\t\t\t\t<span class=\"elementor-grid-item\">\n\t\t\t\t\t<a class=\"elementor-icon elementor-social-icon elementor-social-icon-youtube elementor-repeater-item-fd9442f\" href=\"https:\/\/www.youtube.com\/channel\/UCgLeWpCgaNCTGkUE6WYXsIQ\" target=\"_blank\">\n\t\t\t\t\t\t<span class=\"elementor-screen-only\">Youtube<\/span>\n\t\t\t\t\t\t<i class=\"fab fa-youtube\"><\/i>\t\t\t\t\t<\/a>\n\t\t\t\t<\/span>\n\t\t\t\t\t\t\t<span class=\"elementor-grid-item\">\n\t\t\t\t\t<a class=\"elementor-icon elementor-social-icon elementor-social-icon-instagram elementor-repeater-item-c0a06e0\" href=\"https:\/\/www.instagram.com\/blancalopezrubal\/?hl=es-la\" target=\"_blank\">\n\t\t\t\t\t\t<span class=\"elementor-screen-only\">Instagram<\/span>\n\t\t\t\t\t\t<i class=\"fab fa-instagram\"><\/i>\t\t\t\t\t<\/a>\n\t\t\t\t<\/span>\n\t\t\t\t\t<\/div>\n\t\t\t\t<\/div>\n\t\t\t\t<\/div>\n\t\t\t\t\t<\/div>\n\t\t<\/div>\n\t\t\t\t<div class=\"elementor-column elementor-col-50 elementor-top-column elementor-element elementor-element-cfa5f82\" data-id=\"cfa5f82\" data-element_type=\"column\" data-settings=\"{&quot;background_background&quot;:&quot;classic&quot;}\">\n\t\t\t<div class=\"elementor-widget-wrap elementor-element-populated\">\n\t\t\t\t\t\t<div class=\"elementor-element elementor-element-d8fb925 elementor-widget elementor-widget-heading\" data-id=\"d8fb925\" data-element_type=\"widget\" data-widget_type=\"heading.default\">\n\t\t\t\t<div class=\"elementor-widget-container\">\n\t\t\t<h2 class=\"elementor-heading-title elementor-size-default\">Your Message<\/h2>\t\t<\/div>\n\t\t\t\t<\/div>\n\t\t\t\t<div class=\"elementor-element elementor-element-836c7f2 elementor-widget elementor-widget-text-editor\" data-id=\"836c7f2\" data-element_type=\"widget\" data-widget_type=\"text-editor.default\">\n\t\t\t\t<div class=\"elementor-widget-container\">\n\t\t\t\t\t\t\t<p>How can I Help you?<\/p>\t\t\t\t\t\t<\/div>\n\t\t\t\t<\/div>\n\t\t\t\t<div class=\"elementor-element elementor-element-53d3b41 elementor-button-align-start elementor-widget elementor-widget-form\" data-id=\"53d3b41\" data-element_type=\"widget\" data-settings=\"{&quot;step_next_label&quot;:&quot;Siguiente&quot;,&quot;step_previous_label&quot;:&quot;Anterior&quot;,&quot;button_width&quot;:&quot;100&quot;,&quot;step_type&quot;:&quot;number_text&quot;,&quot;step_icon_shape&quot;:&quot;circle&quot;}\" data-widget_type=\"form.default\">\n\t\t\t\t<div class=\"elementor-widget-container\">\n\t\t\t\t\t<form class=\"elementor-form\" method=\"post\" name=\"Formulario\" action=\"\">\n\t\t\t<input type=\"hidden\" name=\"post_id\" value=\"159\"\/>\n\t\t\t<input type=\"hidden\" name=\"form_id\" value=\"53d3b41\"\/>\n\t\t\t<input type=\"hidden\" name=\"referer_title\" value=\"\" \/>\n\n\t\t\t\n\t\t\t<div class=\"elementor-form-fields-wrapper elementor-labels-above\">\n\t\t\t\t\t\t\t\t<div class=\"elementor-field-type-text elementor-field-group elementor-column elementor-field-group-name elementor-col-100\">\n\t\t\t\t\t\t\t\t\t\t\t\t<label for=\"form-field-name\" class=\"elementor-field-label\">\n\t\t\t\t\t\t\t\tName\t\t\t\t\t\t\t<\/label>\n\t\t\t\t\t\t\t\t\t\t\t\t\t\t<input size=\"1\" type=\"text\" name=\"form_fields[name]\" id=\"form-field-name\" class=\"elementor-field elementor-size-sm  elementor-field-textual\" placeholder=\"Name\">\n\t\t\t\t\t\t\t\t\t\t\t<\/div>\n\t\t\t\t\t\t\t\t<div class=\"elementor-field-type-email elementor-field-group elementor-column elementor-field-group-email elementor-col-100 elementor-field-required\">\n\t\t\t\t\t\t\t\t\t\t\t\t<label for=\"form-field-email\" class=\"elementor-field-label\">\n\t\t\t\t\t\t\t\tEmail\t\t\t\t\t\t\t<\/label>\n\t\t\t\t\t\t\t\t\t\t\t\t\t\t<input size=\"1\" type=\"email\" name=\"form_fields[email]\" id=\"form-field-email\" class=\"elementor-field elementor-size-sm  elementor-field-textual\" placeholder=\"Email\" required=\"required\" aria-required=\"true\">\n\t\t\t\t\t\t\t\t\t\t\t<\/div>\n\t\t\t\t\t\t\t\t<div class=\"elementor-field-type-textarea elementor-field-group elementor-column elementor-field-group-message elementor-col-100\">\n\t\t\t\t\t\t\t\t\t\t\t\t<label for=\"form-field-message\" class=\"elementor-field-label\">\n\t\t\t\t\t\t\t\tMessage\t\t\t\t\t\t\t<\/label>\n\t\t\t\t\t\t<textarea class=\"elementor-field-textual elementor-field  elementor-size-sm\" name=\"form_fields[message]\" id=\"form-field-message\" rows=\"4\" placeholder=\"Message\"><\/textarea>\t\t\t\t<\/div>\n\t\t\t\t\t\t\t\t<div class=\"elementor-field-group elementor-column elementor-field-type-submit elementor-col-100 e-form__buttons\">\n\t\t\t\t\t<button type=\"submit\" class=\"elementor-button elementor-size-md\">\n\t\t\t\t\t\t<span >\n\t\t\t\t\t\t\t\t\t\t\t\t\t\t\t<span class=\"elementor-button-icon\">\n\t\t\t\t\t\t\t\t\t\t\t\t\t\t\t\t\t\t\t\t\t\t\t\t\t\t<\/span>\n\t\t\t\t\t\t\t\t\t\t\t\t\t\t\t\t\t\t\t\t\t\t<span class=\"elementor-button-text\">Send Message<\/span>\n\t\t\t\t\t\t\t\t\t\t\t\t\t<\/span>\n\t\t\t\t\t<\/button>\n\t\t\t\t<\/div>\n\t\t\t<\/div>\n\t\t<input type=\"hidden\" name=\"trp-form-language\" value=\"en\"\/><\/form>\n\t\t\t\t<\/div>\n\t\t\t\t<\/div>\n\t\t\t\t\t<\/div>\n\t\t<\/div>\n\t\t\t\t\t<\/div>\n\t\t<\/section>\n\t\t\t\t<\/div>","protected":false},"excerpt":{"rendered":"<p>Im\u00e1genes Galer\u00eda de Fotos de Blanca Rubal, violonchelista en Madrid Con el Sexteto de Mariel Mart\u00ednez y Fabi\u00e1n Carbone Goyeneche Quartet en el Teatro Off La Latina (Madrid) Stefan Olsdal + Digital 21 (Live) Grabaci\u00f3n del \u00e1lbum &quot;Flamenco y Cl\u00e1sico&quot; de Jos\u00e9 Lu\u00eds Mont\u00f3n Festival Internacional de Cello &quot;CFest&quot; de Puebla (M\u00e9xico) Rock Sinf\u00f3nico con [&hellip;]<\/p>","protected":false},"author":1,"featured_media":0,"parent":0,"menu_order":0,"comment_status":"closed","ping_status":"closed","template":"","meta":{"footnotes":""},"class_list":["post-159","page","type-page","status-publish","hentry"],"_links":{"self":[{"href":"https:\/\/blancarubal.com\/en\/wp-json\/wp\/v2\/pages\/159","targetHints":{"allow":["GET"]}}],"collection":[{"href":"https:\/\/blancarubal.com\/en\/wp-json\/wp\/v2\/pages"}],"about":[{"href":"https:\/\/blancarubal.com\/en\/wp-json\/wp\/v2\/types\/page"}],"author":[{"embeddable":true,"href":"https:\/\/blancarubal.com\/en\/wp-json\/wp\/v2\/users\/1"}],"replies":[{"embeddable":true,"href":"https:\/\/blancarubal.com\/en\/wp-json\/wp\/v2\/comments?post=159"}],"version-history":[{"count":196,"href":"https:\/\/blancarubal.com\/en\/wp-json\/wp\/v2\/pages\/159\/revisions"}],"predecessor-version":[{"id":1187,"href":"https:\/\/blancarubal.com\/en\/wp-json\/wp\/v2\/pages\/159\/revisions\/1187"}],"wp:attachment":[{"href":"https:\/\/blancarubal.com\/en\/wp-json\/wp\/v2\/media?parent=159"}],"curies":[{"name":"wp","href":"https:\/\/api.w.org\/{rel}","templated":true}]}}